	{"id":2676,"date":"2021-01-14T15:37:43","date_gmt":"2021-01-14T16:37:43","guid":{"rendered":"https:\/\/nortecrescente.pt\/web\/?page_id=2676"},"modified":"2021-03-04T14:38:45","modified_gmt":"2021-03-04T15:38:45","slug":"noticias","status":"publish","type":"page","link":"https:\/\/nortecrescente.pt\/web\/noticias","title":{"rendered":"Not\u00edcias"},"content":{"rendered":"\n<div class=\"wp-container-3 wp-block-columns are-vertically-aligned-top\">\n<div class=\"wp-container-2 wp-block-column is-vertically-aligned-top\" style=\"flex-basis:100%\">\n<div class=\"wp-container-1 wp-block-group\"><div class=\"wp-block-group__inner-container\"><ul class=\"wp-block-latest-posts__list is-grid columns-3 aligncenter wp-block-latest-posts\"><li><div class=\"wp-block-latest-posts__featured-image aligncenter\"><img width=\"150\" height=\"150\" src=\"https:\/\/nortecrescente.pt\/web\/wp-content\/uploads\/2026\/03\/imagem-face-caca-ao-ovo-150x150.png\" class=\"attachment-thumbnail size-thumbnail wp-post-image\" alt=\"\" loading=\"lazy\" style=\"max-width:150px;max-height:150px;\" \/><\/div><a class=\"wp-block-latest-posts__post-title\" href=\"https:\/\/nortecrescente.pt\/web\/pascoa-2026-caca-ao-ovo-quinta-do-norte\">P\u00e1scoa 2026 &#8211; Ca\u00e7a ao Ovo &#8211; Quinta do Norte<\/a><div class=\"wp-block-latest-posts__post-excerpt\">No pr\u00f3ximo dia 28 de mar\u00e7o, das 15h \u00e0s 19h, a Quinta do Norte ser\u00e1 palco de uma tarde dedicada \u00e0 Ca\u00e7a ao Ovo, pensada para os mais pequenos e &#8230;<\/div><\/li>\n<li><div class=\"wp-block-latest-posts__featured-image aligncenter\"><img width=\"150\" height=\"150\" src=\"https:\/\/nortecrescente.pt\/web\/wp-content\/uploads\/2026\/01\/26.01-cartaz-Gincana-Ramo-Grande-150x150.jpeg\" class=\"attachment-thumbnail size-thumbnail wp-post-image\" alt=\"\" loading=\"lazy\" style=\"max-width:150px;max-height:150px;\" \/><\/div><a class=\"wp-block-latest-posts__post-title\" href=\"https:\/\/nortecrescente.pt\/web\/dia-de-trabalho-bois-da-raca-ramo-grande-17-janeiro-2025\">Dia de Trabalho \u2013 Bois da Ra\u00e7a Ramo Grande &#8211; 17 janeiro 2025<\/a><div class=\"wp-block-latest-posts__post-excerpt\">Dia de Trabalho \u2013 Bois da Ra\u00e7a Ramo Grande&#8211; Gincana com carros de Bois&#8211; Promo\u00e7\u00e3o Papas de Carolo Pilar da Bretanha \u2013 Parque de Aventura17 de janeiro \u2013 Parque de &#8230;<\/div><\/li>\n<li><div class=\"wp-block-latest-posts__featured-image aligncenter\"><img width=\"150\" height=\"150\" src=\"https:\/\/nortecrescente.pt\/web\/wp-content\/uploads\/2025\/12\/imagem-destaque-AGv2-150x150.jpg\" class=\"attachment-thumbnail size-thumbnail wp-post-image\" alt=\"\" loading=\"lazy\" style=\"max-width:150px;max-height:150px;\" \/><\/div><a class=\"wp-block-latest-posts__post-title\" href=\"https:\/\/nortecrescente.pt\/web\/norte-crescente\"><strong>Norte Crescente<\/strong><\/a><div class=\"wp-block-latest-posts__post-excerpt\">Associa\u00e7\u00e3o de Desenvolvimento Local CONVOCAT\u00d3RIA Nos termos e para os efeitos do disposto nos artigos 28\u00ba n\u00ba 3 e artigo 29\u00ba dos Estatutos da Associa\u00e7\u00e3o Norte Crescente &#8211; ADL e &#8230;<\/div><\/li>\n<li><div class=\"wp-block-latest-posts__featured-image aligncenter\"><img width=\"150\" height=\"150\" src=\"https:\/\/nortecrescente.pt\/web\/wp-content\/uploads\/2025\/12\/imagem-de-destaque-150x150.jpg\" class=\"attachment-thumbnail size-thumbnail wp-post-image\" alt=\"\" loading=\"lazy\" style=\"max-width:150px;max-height:150px;\" \/><\/div><a class=\"wp-block-latest-posts__post-title\" href=\"https:\/\/nortecrescente.pt\/web\/concurso-natal-ecologico-decora-me-3\">Concurso \u201cNatal Ecol\u00f3gico \u2013 Decora-me\u201d<\/a><div class=\"wp-block-latest-posts__post-excerpt\">Neste Natal, a Norte Crescente volta a desafiar a comunidade a pensar de forma mais verde, a repensar o que consome e a transformar pequenos gestos em grandes atitudes que &#8230;<\/div><\/li>\n<li><div class=\"wp-block-latest-posts__featured-image aligncenter\"><img width=\"150\" height=\"150\" src=\"https:\/\/nortecrescente.pt\/web\/wp-content\/uploads\/2025\/10\/565147187_1238529701650434_5142794866829744362_n-150x150.jpg\" class=\"attachment-thumbnail size-thumbnail wp-post-image\" alt=\"\" loading=\"lazy\" style=\"max-width:150px;max-height:150px;\" \/><\/div><a class=\"wp-block-latest-posts__post-title\" href=\"https:\/\/nortecrescente.pt\/web\/halloween-2025\">Halloween 2025<\/a><div class=\"wp-block-latest-posts__post-excerpt\">Prepara-te&#8230; a noite mais assustadora do ano est\u00e1 a chegar No dia 25 de outubro, das 19h00 \u00e0s 23h00, a Quinta do Norte vai encher-se de mist\u00e9rio, gargalhadas arrepiantes, sustos &#8230;<\/div><\/li>\n<li><div class=\"wp-block-latest-posts__featured-image aligncenter\"><img width=\"150\" height=\"150\" src=\"https:\/\/nortecrescente.pt\/web\/wp-content\/uploads\/2025\/10\/557559312_1230000235836714_6556096982029267115_n-150x150.jpg\" class=\"attachment-thumbnail size-thumbnail wp-post-image\" alt=\"\" loading=\"lazy\" style=\"max-width:150px;max-height:150px;\" srcset=\"https:\/\/nortecrescente.pt\/web\/wp-content\/uploads\/2025\/10\/557559312_1230000235836714_6556096982029267115_n-150x150.jpg 150w, https:\/\/nortecrescente.pt\/web\/wp-content\/uploads\/2025\/10\/557559312_1230000235836714_6556096982029267115_n-300x300.jpg 300w, https:\/\/nortecrescente.pt\/web\/wp-content\/uploads\/2025\/10\/557559312_1230000235836714_6556096982029267115_n-1024x1024.jpg 1024w, https:\/\/nortecrescente.pt\/web\/wp-content\/uploads\/2025\/10\/557559312_1230000235836714_6556096982029267115_n-768x768.jpg 768w, https:\/\/nortecrescente.pt\/web\/wp-content\/uploads\/2025\/10\/557559312_1230000235836714_6556096982029267115_n-1536x1536.jpg 1536w, https:\/\/nortecrescente.pt\/web\/wp-content\/uploads\/2025\/10\/557559312_1230000235836714_6556096982029267115_n.jpg 1600w\" sizes=\"(max-width: 150px) 100vw, 150px\" \/><\/div><a class=\"wp-block-latest-posts__post-title\" href=\"https:\/\/nortecrescente.pt\/web\/dia-do-animal-2025\">Dia do Animal 2025<\/a><div class=\"wp-block-latest-posts__post-excerpt\">No \u00e2mbito da comemora\u00e7\u00e3o do Dia do Animal, prepar\u00e1mos uma atividade especial que partilh\u00e1mos com Creches, ATLs e Escolas com o objetivo de sensibilizar os mais pequenos para a import\u00e2ncia &#8230;<\/div><\/li>\n<li><div class=\"wp-block-latest-posts__featured-image aligncenter\"><img width=\"150\" height=\"150\" src=\"https:\/\/nortecrescente.pt\/web\/wp-content\/uploads\/2025\/06\/DSC2516-1-150x150.jpg\" class=\"attachment-thumbnail size-thumbnail wp-post-image\" alt=\"\" loading=\"lazy\" style=\"max-width:150px;max-height:150px;\" \/><\/div><a class=\"wp-block-latest-posts__post-title\" href=\"https:\/\/nortecrescente.pt\/web\/evento-dia-da-crianca-2025\">Evento Dia da Crian\u00e7a &#8211; 2025<\/a><div class=\"wp-block-latest-posts__post-excerpt\">\u00a0com Muita Descoberta e Divers\u00e3o na Norte Crescente A Associa\u00e7\u00e3o Norte Crescente dedicou a \u00faltima semana do m\u00eas de maio a homenagear aqueles que s\u00e3o o futuro: as crian\u00e7as. Durante &#8230;<\/div><\/li>\n<li><div class=\"wp-block-latest-posts__featured-image aligncenter\"><img width=\"150\" height=\"123\" src=\"https:\/\/nortecrescente.pt\/web\/wp-content\/uploads\/2025\/05\/imagem-destaque.bmp\" class=\"attachment-thumbnail size-thumbnail wp-post-image\" alt=\"\" loading=\"lazy\" style=\"max-width:150px;max-height:150px;\" \/><\/div><a class=\"wp-block-latest-posts__post-title\" href=\"https:\/\/nortecrescente.pt\/web\/celebracao-do-dia-da-crianca-na-quinta-do-norte-descobrindo-o-mundo-das-profissoes\">Celebra\u00e7\u00e3o do Dia da Crian\u00e7a na Quinta do Norte &#8211; Descobrindo o Mundo das Profiss\u00f5es\u00a0<\/a><div class=\"wp-block-latest-posts__post-excerpt\">1 de Junho de 2025 A Associa\u00e7\u00e3o Norte Crescente ir\u00e1 promover, no \u00e2mbito do trabalho desenvolvido com crian\u00e7as e jovens, o evento do Dia da Crian\u00e7a nos dias 27, 28 &#8230;<\/div><\/li>\n<li><div class=\"wp-block-latest-posts__featured-image aligncenter\"><img width=\"150\" height=\"150\" src=\"https:\/\/nortecrescente.pt\/web\/wp-content\/uploads\/2025\/05\/pic-resumos-150x150.png\" class=\"attachment-thumbnail size-thumbnail wp-post-image\" alt=\"\" loading=\"lazy\" style=\"max-width:150px;max-height:150px;\" \/><\/div><a class=\"wp-block-latest-posts__post-title\" href=\"https:\/\/nortecrescente.pt\/web\/convocatoria-assembleia-geral-norte-crescente-3\">Convocat\u00f3ria Assembleia Geral \u2013 Norte Crescente<\/a><div class=\"wp-block-latest-posts__post-excerpt\">Norte Crescente Associa\u00e7\u00e3o de Desenvolvimento Local CONVOCAT\u00d3RIA Nos termos e para os efeitos do disposto nos artigos 28\u00ba n\u00ba 3 e artigo 29\u00ba dos Estatutos da Associa\u00e7\u00e3o, e dos artigos &#8230;<\/div><\/li>\n<li><div class=\"wp-block-latest-posts__featured-image aligncenter\"><img width=\"150\" height=\"67\" src=\"https:\/\/nortecrescente.pt\/web\/wp-content\/uploads\/2024\/12\/imagem-1.bmp\" class=\"attachment-thumbnail size-thumbnail wp-post-image\" alt=\"\" loading=\"lazy\" style=\"max-width:150px;max-height:150px;\" \/><\/div><a class=\"wp-block-latest-posts__post-title\" href=\"https:\/\/nortecrescente.pt\/web\/convocatoria-assembleia-geral-norte-crescente-2\">Convocat\u00f3ria Assembleia Geral \u2013 Norte Crescente<\/a><div class=\"wp-block-latest-posts__post-excerpt\">Norte Crescente Associa\u00e7\u00e3o de Desenvolvimento Local CONVOCAT\u00d3RIA Nos termos e para os efeitos do disposto no art\u00ba 28\u00ba n\u00ba 3, art\u00ba 29\u00ba dos Estatutos da Associa\u00e7\u00e3o, e dos artigos 173\u00ba &#8230;<\/div><\/li>\n<li><div class=\"wp-block-latest-posts__featured-image aligncenter\"><img width=\"150\" height=\"67\" src=\"https:\/\/nortecrescente.pt\/web\/wp-content\/uploads\/2024\/12\/imagem-1.bmp\" class=\"attachment-thumbnail size-thumbnail wp-post-image\" alt=\"\" loading=\"lazy\" style=\"max-width:150px;max-height:150px;\" \/><\/div><a class=\"wp-block-latest-posts__post-title\" href=\"https:\/\/nortecrescente.pt\/web\/convocatoria-assembleia-geral-norte-crescente\">Convocat\u00f3ria Assembleia Geral &#8211; Norte Crescente<\/a><div class=\"wp-block-latest-posts__post-excerpt\">NORTE CRESCENTE \u2013 ASSOCIA\u00c7\u00c3O DE DESENVOLVIMENTO LOCAL Nos termos e para os efeitos do disposto nos artigos 28\u00ba n\u00ba 3 e artigo 29\u00ba dos Estatutos da Associa\u00e7\u00e3o, e dos artigos &#8230;<\/div><\/li>\n<li><div class=\"wp-block-latest-posts__featured-image aligncenter\"><img width=\"150\" height=\"150\" src=\"https:\/\/nortecrescente.pt\/web\/wp-content\/uploads\/2024\/12\/Cartaz-mais-Atualizado-150x150.jpg\" class=\"attachment-thumbnail size-thumbnail wp-post-image\" alt=\"\" loading=\"lazy\" style=\"max-width:150px;max-height:150px;\" \/><\/div><a class=\"wp-block-latest-posts__post-title\" href=\"https:\/\/nortecrescente.pt\/web\/mercadinho-de-natal-2024-norte-crescente-quinta-do-norte\">Mercadinho de Natal 2024 &#8211; Norte Crescente &#8211; Quinta do Norte<\/a><div class=\"wp-block-latest-posts__post-excerpt\">Mercadinho de Natal da Norte Crescente &#8211; Um Evento M\u00e1gico para Toda a Fam\u00edlia &#8211; Data: 7 Dezembro 2024 &#8211; Hor\u00e1rio: 14h \u00e0s 19h30 &#8211; Local: Quinta do Norte No &#8230;<\/div><\/li>\n<li><div class=\"wp-block-latest-posts__featured-image aligncenter\"><img width=\"150\" height=\"150\" src=\"https:\/\/nortecrescente.pt\/web\/wp-content\/uploads\/2024\/11\/Final-Natal-Ecologico-II-facebook-150x150.png\" class=\"attachment-thumbnail size-thumbnail wp-post-image\" alt=\"\" loading=\"lazy\" style=\"max-width:150px;max-height:150px;\" \/><\/div><a class=\"wp-block-latest-posts__post-title\" href=\"https:\/\/nortecrescente.pt\/web\/concurso-natal-ecologico-decora-me-2\">Concurso \u201cNatal Ecol\u00f3gico \u2013 Decora-me\u201d<\/a><div class=\"wp-block-latest-posts__post-excerpt\">Com o intuito de mobilizar a popula\u00e7\u00e3o a refletir sobre a sustentabilidade e a preserva\u00e7\u00e3o ambiental, a estarem atentos ao que consomem, a avaliarem as suas a\u00e7\u00f5es e acima de &#8230;<\/div><\/li>\n<li><div class=\"wp-block-latest-posts__featured-image aligncenter\"><img width=\"150\" height=\"150\" src=\"https:\/\/nortecrescente.pt\/web\/wp-content\/uploads\/2024\/09\/WhatsApp-Image-2024-09-02-at-11.26.38-1-150x150.jpeg\" class=\"attachment-thumbnail size-thumbnail wp-post-image\" alt=\"\" loading=\"lazy\" style=\"max-width:150px;max-height:150px;\" \/><\/div><a class=\"wp-block-latest-posts__post-title\" href=\"https:\/\/nortecrescente.pt\/web\/ponto-de-estudo-dos-remedios-ponta-delgada\">Ponto de Estudo dos Rem\u00e9dios &#8211; Ponta Delgada<\/a><div class=\"wp-block-latest-posts__post-excerpt\">O Ponto de Estudo dos Rem\u00e9dios, promovido pela Norte Crescente \u00e9 um projeto que se enquadra nos objetivos do Governo Regional dos A\u00e7ores em criar Pontos de Apoio ao Estudo &#8230;<\/div><\/li>\n<li><div class=\"wp-block-latest-posts__featured-image aligncenter\"><img width=\"150\" height=\"150\" src=\"https:\/\/nortecrescente.pt\/web\/wp-content\/uploads\/2024\/09\/Programa-menor-qualidade-2-150x150.jpg\" class=\"attachment-thumbnail size-thumbnail wp-post-image\" alt=\"\" loading=\"lazy\" style=\"max-width:150px;max-height:150px;\" \/><\/div><a class=\"wp-block-latest-posts__post-title\" href=\"https:\/\/nortecrescente.pt\/web\/festa-do-milho-2024\">Festa do Milho 2024<\/a><div class=\"wp-block-latest-posts__post-excerpt\">13, 14 e 15 de setembro Moinho do Pico Vermelho \u2013 Ajuda da Bretanha 14:00 \u2013 24:00 Programa da Festa do Milho de 2024 a decorrer nos pr\u00f3ximos dias 13, &#8230;<\/div><\/li>\n<li><div class=\"wp-block-latest-posts__featured-image aligncenter\"><img width=\"150\" height=\"150\" src=\"https:\/\/nortecrescente.pt\/web\/wp-content\/uploads\/2024\/05\/24.05-convocatoria-AG-contas-2023_page-0001-1-150x150.jpg\" class=\"attachment-thumbnail size-thumbnail wp-post-image\" alt=\"\" loading=\"lazy\" style=\"max-width:150px;max-height:150px;\" \/><\/div><a class=\"wp-block-latest-posts__post-title\" href=\"https:\/\/nortecrescente.pt\/web\/norte-crescente-associacao-de-desenvolvimento-local\">Norte Crescente &#8211; Associa\u00e7\u00e3o de Desenvolvimento Local<\/a><div class=\"wp-block-latest-posts__post-excerpt\">CONVOCAT\u00d3RIA Nos termos e para os efeitos do disposto nos artigos 28\u00ba n\u00ba 3 e artigo 29\u00ba dos Estatutos da Associa\u00e7\u00e3o, e dos artigos 173\u00ba e 174\u00b0 do C\u00f3digo Civil, &#8230;<\/div><\/li>\n<li><div class=\"wp-block-latest-posts__featured-image aligncenter\"><img width=\"150\" height=\"150\" src=\"https:\/\/nortecrescente.pt\/web\/wp-content\/uploads\/2024\/05\/24-cartaz-2-crianca-1-150x150.jpg\" class=\"attachment-thumbnail size-thumbnail wp-post-image\" alt=\"\" loading=\"lazy\" style=\"max-width:150px;max-height:150px;\" \/><\/div><a class=\"wp-block-latest-posts__post-title\" href=\"https:\/\/nortecrescente.pt\/web\/comemoracao-dia-mundial-da-crianca-na-norte-crescente-1-a-7-de-junho-de-2024\">Comemora\u00e7\u00e3o Dia Mundial da Crian\u00e7a na Norte Crescente &#8211; 1 a 7 de Junho de 2024<\/a><div class=\"wp-block-latest-posts__post-excerpt\">O Dia Mundial da Crian\u00e7a \u00e9 um dia com muito significado para a Norte Crescente que acredita que deve ser vivido com muito entusiasmo, divers\u00e3o e alegria por todas as &#8230;<\/div><\/li>\n<li><div class=\"wp-block-latest-posts__featured-image aligncenter\"><img width=\"150\" height=\"150\" src=\"https:\/\/nortecrescente.pt\/web\/wp-content\/uploads\/2023\/12\/imagem-mercadinho-de-natal-150x150.jpg\" class=\"attachment-thumbnail size-thumbnail wp-post-image\" alt=\"\" loading=\"lazy\" style=\"max-width:150px;max-height:150px;\" \/><\/div><a class=\"wp-block-latest-posts__post-title\" href=\"https:\/\/nortecrescente.pt\/web\/mercadinho-de-natal-2023-norte-crescente\">MERCADINHO DE NATAL 2023 \u2013 NORTE CRESCENTE<\/a><div class=\"wp-block-latest-posts__post-excerpt\">A magia do Natal vai invadir a Quinta do Norte, Capelas, no dia 16 de dezembro, entre as 10h e \u00e0s 16h, com um programa recheado de atividades alusivas \u00e0 &#8230;<\/div><\/li>\n<li><div class=\"wp-block-latest-posts__featured-image aligncenter\"><img width=\"150\" height=\"150\" src=\"https:\/\/nortecrescente.pt\/web\/wp-content\/uploads\/2023\/11\/Natal-Ecologico-facebook-final-150x150.png\" class=\"attachment-thumbnail size-thumbnail wp-post-image\" alt=\"\" loading=\"lazy\" style=\"max-width:150px;max-height:150px;\" \/><\/div><a class=\"wp-block-latest-posts__post-title\" href=\"https:\/\/nortecrescente.pt\/web\/concurso-natal-ecologico-decora-me\">Concurso &#8220;Natal Ecol\u00f3gico &#8211; Decora-me&#8221;<\/a><div class=\"wp-block-latest-posts__post-excerpt\">O Natal \u00e9 um momento de celebra\u00e7\u00e3o e encontros na maioria das fam\u00edlias, onde enfeites abundantes, mesas muito fartas e troca de prendas s\u00e3o muito caracter\u00edsticas desta \u00e9poca. Fazendo com &#8230;<\/div><\/li>\n<li><div class=\"wp-block-latest-posts__featured-image aligncenter\"><img width=\"150\" height=\"150\" src=\"https:\/\/nortecrescente.pt\/web\/wp-content\/uploads\/2023\/10\/imagem-site-150x150.png\" class=\"attachment-thumbnail size-thumbnail wp-post-image\" alt=\"\" loading=\"lazy\" style=\"max-width:150px;max-height:150px;\" \/><\/div><a class=\"wp-block-latest-posts__post-title\" href=\"https:\/\/nortecrescente.pt\/web\/oferta-de-emprego-professor-do-ensino-basico-2o-e-3o-ciclo-formador\">Oferta de emprego &#8211; Professor do Ensino B\u00e1sico 2\u00ba e 3\u00ba Ciclo \/ Formador<\/a><div class=\"wp-block-latest-posts__post-excerpt\">A Associa\u00e7\u00e3o Norte Crescente, com sede na Vila de Capelas, procura Professor do Ensino B\u00e1sico 2\u00ba e 3\u00ba Ciclo \/ Formador para lecionar unidades de compet\u00eancia e Alfanum\u00e9rico enquadradas no &#8230;<\/div><\/li>\n<li><div class=\"wp-block-latest-posts__featured-image aligncenter\"><img width=\"150\" height=\"150\" src=\"https:\/\/nortecrescente.pt\/web\/wp-content\/uploads\/2023\/05\/imagem-do-relatorio-de-contas-1-150x150.png\" class=\"attachment-thumbnail size-thumbnail wp-post-image\" alt=\"\" loading=\"lazy\" style=\"max-width:150px;max-height:150px;\" \/><\/div><a class=\"wp-block-latest-posts__post-title\" href=\"https:\/\/nortecrescente.pt\/web\/relatorio-de-contas-de-2022\">Relat\u00f3rio de Atividades e de Contas de 2022<\/a><div class=\"wp-block-latest-posts__post-excerpt\">O des\u00edgnio da Norte Crescente est\u00e1 na necessidade de uma maior interven\u00e7\u00e3o e de um maior acompanhamento de proximidade da popula\u00e7\u00e3o carenciada de modo a que se consiga criar situa\u00e7\u00f5es &#8230;<\/div><\/li>\n<li><div class=\"wp-block-latest-posts__featured-image aligncenter\"><img width=\"150\" height=\"150\" src=\"https:\/\/nortecrescente.pt\/web\/wp-content\/uploads\/2023\/04\/Consignacao-do-IRS-150x150-1.png\" class=\"attachment-thumbnail size-thumbnail wp-post-image\" alt=\"\" loading=\"lazy\" style=\"max-width:150px;max-height:150px;\" \/><\/div><a class=\"wp-block-latest-posts__post-title\" href=\"https:\/\/nortecrescente.pt\/web\/consignacao-do-irs\">Consigna\u00e7\u00e3o do IRS<\/a><div class=\"wp-block-latest-posts__post-excerpt\">Ajude a Norte Crescente com a Consigna\u00e7\u00e3o do seu IRS 2022 Contribua para melhorar a vida de outras pessoas, sem gastar qualquer valor. Na sua declara\u00e7\u00e3o de IRS, ao escolher &#8230;<\/div><\/li>\n<li><div class=\"wp-block-latest-posts__featured-image aligncenter\"><img width=\"150\" height=\"150\" src=\"https:\/\/nortecrescente.pt\/web\/wp-content\/uploads\/2023\/01\/Cartaz-Geral-Novo-1-150x150.jpg\" class=\"attachment-thumbnail size-thumbnail wp-post-image\" alt=\"\" loading=\"lazy\" style=\"max-width:150px;max-height:150px;\" \/><\/div><a class=\"wp-block-latest-posts__post-title\" href=\"https:\/\/nortecrescente.pt\/web\/festa-do-inhame-2023-remedios-pdl\">Festival do Inhame 2023 &#8211; Rem\u00e9dios PDL<\/a><div class=\"wp-block-latest-posts__post-excerpt\">A dinamiza\u00e7\u00e3o do evento do Festival do Inhame parte de uma organiza\u00e7\u00e3o conjunta entre a freguesia dos Rem\u00e9dios, da Norte Crescente e da C\u00e2mara Municipal de Ponta Delgada, contando ainda &#8230;<\/div><\/li>\n<li><div class=\"wp-block-latest-posts__featured-image aligncenter\"><img width=\"150\" height=\"150\" src=\"https:\/\/nortecrescente.pt\/web\/wp-content\/uploads\/2023\/01\/23.23-atlantico-expresso-capa-150x150.jpg\" class=\"attachment-thumbnail size-thumbnail wp-post-image\" alt=\"\" loading=\"lazy\" style=\"max-width:150px;max-height:150px;\" \/><\/div><a class=\"wp-block-latest-posts__post-title\" href=\"https:\/\/nortecrescente.pt\/web\/norte-crescente-luta-pela-ruptura-de-ciclos-de-pobreza-noticia-atlantico-expresso\">Norte Crescente luta pela ruptura de ciclos de Pobreza &#8211; Not\u00edcia Atl\u00e2ntico Expresso<\/a><div class=\"wp-block-latest-posts__post-excerpt\">No dia 23 de Janeiro de 2023 a Norte Crescente foi not\u00edcia no Atl\u00e2ntico Expresso, atrav\u00e9s de uma entrevista ao coordenador geral da Norte Crescente, foi poss\u00edvel partilhar o trabalho &#8230;<\/div><\/li>\n<li><div class=\"wp-block-latest-posts__featured-image aligncenter\"><img width=\"150\" height=\"150\" src=\"https:\/\/nortecrescente.pt\/web\/wp-content\/uploads\/2022\/09\/Cartaz-Festa-do-Milho-Final-1-3-150x150.jpg\" class=\"attachment-thumbnail size-thumbnail wp-post-image\" alt=\"Festa do Milho de 2022\" loading=\"lazy\" style=\"max-width:150px;max-height:150px;\" \/><\/div><a class=\"wp-block-latest-posts__post-title\" href=\"https:\/\/nortecrescente.pt\/web\/festa-do-milho-2022-2\">Festa do Milho 2022<\/a><div class=\"wp-block-latest-posts__post-excerpt\">Festa do Milho 2022 &#8211; Bretanha &#8211; Ajuda da Bretanha 16, 17 e 18 de setembro Mais uma vez festeja-se a tradicional Festa do Milho na Bretanha, concelho de Ponta &#8230;<\/div><\/li>\n<li><div class=\"wp-block-latest-posts__featured-image aligncenter\"><img width=\"150\" height=\"150\" src=\"https:\/\/nortecrescente.pt\/web\/wp-content\/uploads\/2022\/04\/FB_IMG_1649249686320-150x150.jpg\" class=\"attachment-thumbnail size-thumbnail wp-post-image\" alt=\"\" loading=\"lazy\" style=\"max-width:150px;max-height:150px;\" \/><\/div><a class=\"wp-block-latest-posts__post-title\" href=\"https:\/\/nortecrescente.pt\/web\/caca-ao-ovo-na-quinta-do-norte\">Ca\u00e7a ao ovo na Quinta do Norte<\/a><div class=\"wp-block-latest-posts__post-excerpt\">A Norte Crescente, em parceria com a Junta de Freguesia de S\u00e3o Vicente Ferreira, organizou uma Ca\u00e7a ao Ovo da P\u00e1scoa para todas as crian\u00e7as das escolas EB\/JI dos Po\u00e7os &#8230;<\/div><\/li>\n<li><div class=\"wp-block-latest-posts__featured-image aligncenter\"><img width=\"150\" height=\"150\" src=\"https:\/\/nortecrescente.pt\/web\/wp-content\/uploads\/2022\/03\/Consignacao-do-IRS-150x150.png\" class=\"attachment-thumbnail size-thumbnail wp-post-image\" alt=\"\" loading=\"lazy\" style=\"max-width:150px;max-height:150px;\" srcset=\"https:\/\/nortecrescente.pt\/web\/wp-content\/uploads\/2022\/03\/Consignacao-do-IRS-150x150.png 150w, https:\/\/nortecrescente.pt\/web\/wp-content\/uploads\/2022\/03\/Consignacao-do-IRS-300x300.png 300w, https:\/\/nortecrescente.pt\/web\/wp-content\/uploads\/2022\/03\/Consignacao-do-IRS-768x768.png 768w, https:\/\/nortecrescente.pt\/web\/wp-content\/uploads\/2022\/03\/Consignacao-do-IRS.png 800w\" sizes=\"(max-width: 150px) 100vw, 150px\" \/><\/div><a class=\"wp-block-latest-posts__post-title\" href=\"https:\/\/nortecrescente.pt\/web\/consignacao-do-irs-2022\">Consigna\u00e7\u00e3o do IRS 2022<\/a><div class=\"wp-block-latest-posts__post-excerpt\">Ajude a Norte Crescente com a Consigna\u00e7\u00e3o do seu IRS 2021Contribua para melhorar a vida de outras pessoas, sem gastar qualquer valor.Na sua declara\u00e7\u00e3o de IRS, ao escolher consignar 0,5% &#8230;<\/div><\/li>\n<li><div class=\"wp-block-latest-posts__featured-image aligncenter\"><img width=\"150\" height=\"150\" src=\"https:\/\/nortecrescente.pt\/web\/wp-content\/uploads\/2021\/12\/Presepio-150x150.jpg\" class=\"attachment-thumbnail size-thumbnail wp-post-image\" alt=\"\" loading=\"lazy\" style=\"max-width:150px;max-height:150px;\" srcset=\"https:\/\/nortecrescente.pt\/web\/wp-content\/uploads\/2021\/12\/Presepio-150x150.jpg 150w, https:\/\/nortecrescente.pt\/web\/wp-content\/uploads\/2021\/12\/Presepio-300x300.jpg 300w, https:\/\/nortecrescente.pt\/web\/wp-content\/uploads\/2021\/12\/Presepio.jpg 768w\" sizes=\"(max-width: 150px) 100vw, 150px\" \/><\/div><a class=\"wp-block-latest-posts__post-title\" href=\"https:\/\/nortecrescente.pt\/web\/participacao-na-v-edicao-do-concurso-de-presepios-da-vila-de-capelas\">Participa\u00e7\u00e3o na V edi\u00e7\u00e3o do Concurso de Pres\u00e9pios da Vila de Capelas<\/a><div class=\"wp-block-latest-posts__post-excerpt\">Pres\u00e9pios elaborados pelos alunos do CDIJ Novos Rumos e pelas crian\u00e7as do ATL-CSET das Capelas para participa\u00e7\u00e3o na V edi\u00e7\u00e3o do Concurso de Pres\u00e9pios da Vila de Capelas &#8211; 2021.<\/div><\/li>\n<li><div class=\"wp-block-latest-posts__featured-image aligncenter\"><img width=\"150\" height=\"150\" src=\"https:\/\/nortecrescente.pt\/web\/wp-content\/uploads\/2021\/12\/MercadinhodeNatal-1-1024x724-1-150x150.jpg\" class=\"attachment-thumbnail size-thumbnail wp-post-image\" alt=\"\" loading=\"lazy\" style=\"max-width:150px;max-height:150px;\" srcset=\"https:\/\/nortecrescente.pt\/web\/wp-content\/uploads\/2021\/12\/MercadinhodeNatal-1-1024x724-1-150x150.jpg 150w, https:\/\/nortecrescente.pt\/web\/wp-content\/uploads\/2021\/12\/MercadinhodeNatal-1-1024x724-1-300x300.jpg 300w, https:\/\/nortecrescente.pt\/web\/wp-content\/uploads\/2021\/12\/MercadinhodeNatal-1-1024x724-1.jpg 724w\" sizes=\"(max-width: 150px) 100vw, 150px\" \/><\/div><a class=\"wp-block-latest-posts__post-title\" href=\"https:\/\/nortecrescente.pt\/web\/mercadinho-de-natal-2021\">Mercadinho de Natal 2021<\/a><div class=\"wp-block-latest-posts__post-excerpt\">Ao longo desta semana entre as 14:00 e as 18:30 continuamos com o Mercadinho de Natal &#8211; Associa\u00e7\u00e3o Norte Crescente e o respetivo Bar de Natal a funcionar na Quinta &#8230;<\/div><\/li>\n<li><div class=\"wp-block-latest-posts__featured-image aligncenter\"><img width=\"150\" height=\"150\" src=\"https:\/\/nortecrescente.pt\/web\/wp-content\/uploads\/2021\/11\/Selo_Premios_BPI_Vencedor-1-150x150.jpg\" class=\"attachment-thumbnail size-thumbnail wp-post-image\" alt=\"\" loading=\"lazy\" style=\"max-width:150px;max-height:150px;\" srcset=\"https:\/\/nortecrescente.pt\/web\/wp-content\/uploads\/2021\/11\/Selo_Premios_BPI_Vencedor-1-150x150.jpg 150w, https:\/\/nortecrescente.pt\/web\/wp-content\/uploads\/2021\/11\/Selo_Premios_BPI_Vencedor-1-300x300.jpg 300w, https:\/\/nortecrescente.pt\/web\/wp-content\/uploads\/2021\/11\/Selo_Premios_BPI_Vencedor-1.jpg 768w\" sizes=\"(max-width: 150px) 100vw, 150px\" \/><\/div><a class=\"wp-block-latest-posts__post-title\" href=\"https:\/\/nortecrescente.pt\/web\/candidaturas-aos-premios-bpi-fundacao-la-caixa-infancia-foi-aprovada\">Candidaturas aos pr\u00e9mios BPI Funda\u00e7\u00e3o &#8220;la Caixa&#8221; Inf\u00e2ncia foi aprovada<\/a><div class=\"wp-block-latest-posts__post-excerpt\">A Norte Crescente teve a sua candidatura apresentada com o projeto &#8220;Crescer Juntos&#8221; aos Pr\u00e9mios BPI Funda\u00e7\u00e3o \u201dla Caixa\u201d Inf\u00e2ncia 2021, uma iniciativa do BPI e da Funda\u00e7\u00e3o \u201dla Caixa\u201d &#8230;<\/div><\/li>\n<\/ul><\/div><\/div>\n<\/div>\n<\/div>\n","protected":false},"excerpt":{"rendered":"","protected":false},"author":1,"featured_media":0,"parent":0,"menu_order":0,"comment_status":"closed","ping_status":"closed","template":"template-fullwidth.php","meta":{"ngg_post_thumbnail":0},"featured_image_urls":{"full":"","thumbnail":"","medium":"","medium_large":"","large":"","1536x1536":"","2048x2048":"","onepress-blog-small":"","onepress-small":"","onepress-medium":""},"post_excerpt_stackable":"<p>P\u00e1scoa 2026 &#8211; Ca\u00e7a ao Ovo &#8211; Quinta do NorteNo pr\u00f3ximo dia 28 de mar\u00e7o, das 15h \u00e0s 19h, a Quinta do Norte ser\u00e1 palco de uma tarde dedicada \u00e0 Ca\u00e7a ao Ovo, pensada para os mais pequenos e &#8230; Dia de Trabalho \u2013 Bois da Ra\u00e7a Ramo Grande &#8211; 17 janeiro 2025Dia de Trabalho \u2013 Bois da Ra\u00e7a Ramo Grande&#8211; Gincana com carros de Bois&#8211; Promo\u00e7\u00e3o Papas de Carolo Pilar da Bretanha \u2013 Parque de Aventura17 de janeiro \u2013 Parque de &#8230; Norte CrescenteAssocia\u00e7\u00e3o de Desenvolvimento Local CONVOCAT\u00d3RIA Nos termos e para os efeitos do disposto nos artigos 28\u00ba&hellip;<\/p>\n","category_list":"","author_info":{"name":"Norte Crescente","url":"https:\/\/nortecrescente.pt\/web\/author\/adminnc2033"},"comments_num":"0 comments","featured_image_urls_v2":{"full":"","thumbnail":"","medium":"","medium_large":"","large":"","1536x1536":"","2048x2048":"","onepress-blog-small":"","onepress-small":"","onepress-medium":""},"post_excerpt_stackable_v2":"<p>P\u00e1scoa 2026 &#8211; Ca\u00e7a ao Ovo &#8211; Quinta do NorteNo pr\u00f3ximo dia 28 de mar\u00e7o, das 15h \u00e0s 19h, a Quinta do Norte ser\u00e1 palco de uma tarde dedicada \u00e0 Ca\u00e7a ao Ovo, pensada para os mais pequenos e &#8230; Dia de Trabalho \u2013 Bois da Ra\u00e7a Ramo Grande &#8211; 17 janeiro 2025Dia de Trabalho \u2013 Bois da Ra\u00e7a Ramo Grande&#8211; Gincana com carros de Bois&#8211; Promo\u00e7\u00e3o Papas de Carolo Pilar da Bretanha \u2013 Parque de Aventura17 de janeiro \u2013 Parque de &#8230; Norte CrescenteAssocia\u00e7\u00e3o de Desenvolvimento Local CONVOCAT\u00d3RIA Nos termos e para os efeitos do disposto nos artigos 28\u00ba&hellip;<\/p>\n","category_list_v2":"","author_info_v2":{"name":"Norte Crescente","url":"https:\/\/nortecrescente.pt\/web\/author\/adminnc2033"},"comments_num_v2":"0 comments","_links":{"self":[{"href":"https:\/\/nortecrescente.pt\/web\/wp-json\/wp\/v2\/pages\/2676"}],"collection":[{"href":"https:\/\/nortecrescente.pt\/web\/wp-json\/wp\/v2\/pages"}],"about":[{"href":"https:\/\/nortecrescente.pt\/web\/wp-json\/wp\/v2\/types\/page"}],"author":[{"embeddable":true,"href":"https:\/\/nortecrescente.pt\/web\/wp-json\/wp\/v2\/users\/1"}],"replies":[{"embeddable":true,"href":"https:\/\/nortecrescente.pt\/web\/wp-json\/wp\/v2\/comments?post=2676"}],"version-history":[{"count":12,"href":"https:\/\/nortecrescente.pt\/web\/wp-json\/wp\/v2\/pages\/2676\/revisions"}],"predecessor-version":[{"id":2813,"href":"https:\/\/nortecrescente.pt\/web\/wp-json\/wp\/v2\/pages\/2676\/revisions\/2813"}],"wp:attachment":[{"href":"https:\/\/nortecrescente.pt\/web\/wp-json\/wp\/v2\/media?parent=2676"}],"curies":[{"name":"wp","href":"https:\/\/api.w.org\/{rel}","templated":true}]}}