	{"id":2951,"date":"2021-03-08T14:04:10","date_gmt":"2021-03-08T15:04:10","guid":{"rendered":"https:\/\/nortecrescente.pt\/web\/?page_id=2951"},"modified":"2022-01-27T16:05:45","modified_gmt":"2022-01-27T17:05:45","slug":"parceiros","status":"publish","type":"page","link":"https:\/\/nortecrescente.pt\/web\/parceiros","title":{"rendered":"Parceiros"},"content":{"rendered":"\n<p>Ag\u00eancia para a Qualifica\u00e7\u00e3o e Emprego<br><a rel=\"noreferrer noopener\" href=\"http:\/\/www.arrisca.pt\/\" target=\"_blank\">Associa\u00e7\u00e3o Regional de Reabilita\u00e7\u00e3o e Integra\u00e7\u00e3o Sociocultural&nbsp;dos A\u00e7ores<\/a><br><a rel=\"noreferrer noopener\" href=\"https:\/\/dgrsp.justica.gov.pt\/\" target=\"_blank\">Dire\u00e7\u00e3o Geral de Reinser\u00e7\u00e3o Social e Servi\u00e7os Prisionais<\/a><br><a href=\"https:\/\/portal.azores.gov.pt\/web\/drag\" target=\"_blank\" rel=\"noreferrer noopener\">Dire\u00e7\u00e3o Regional da Agricultura<\/a><br><a href=\"https:\/\/portal.azores.gov.pt\/web\/draac\" target=\"_blank\" rel=\"noreferrer noopener\">Dire\u00e7\u00e3o Regional do Ambiente e Altera\u00e7\u00f5es Clim\u00e1ticas<\/a><br><a rel=\"noreferrer noopener\" href=\"https:\/\/edu.azores.gov.pt\/\" target=\"_blank\">Dire\u00e7\u00e3o Regional da Educa\u00e7\u00e3o<\/a><br><a rel=\"noreferrer noopener\" href=\"http:\/\/www.juventude.azores.gov.pt\/\" target=\"_blank\">Dire\u00e7\u00e3o&nbsp;Regional da Juventude<\/a><br><a rel=\"noreferrer noopener\" href=\"http:\/\/www.seg-social.pt\/issa\" target=\"_blank\">Instituto de Seguran\u00e7a Social dos A\u00e7ores<\/a><\/p>\n\n\n\n<p><a rel=\"noreferrer noopener\" href=\"https:\/\/www.cm-pontadelgada.pt\/\" target=\"_blank\">C\u00e2mara Municipal de Ponta Delgada<\/a><br><a rel=\"noreferrer noopener\" href=\"https:\/\/www.facebook.com\/freguesiadosfenaisdaluz\" target=\"_blank\">Junta de Freguesia de Fenais da Luz<br><\/a><a rel=\"noreferrer noopener\" href=\"https:\/\/jf-svicente.pt\/\" target=\"_blank\">Junta de Freguesia de S\u00e3o Vicente Ferreira<br><\/a><a rel=\"noreferrer noopener\" href=\"https:\/\/www.jfcapelas.com\/\" target=\"_blank\">Junta de Freguesia de Capelas<\/a><br><a rel=\"noreferrer noopener\" href=\"https:\/\/www.freguesiasantoantonio.com\/\" target=\"_blank\">Junta de Freguesia de Santo Ant\u00f3nio<\/a><br><a rel=\"noreferrer noopener\" href=\"https:\/\/www.jfsantabarbara.pt\/\" target=\"_blank\">Junta de Freguesia de Santa B\u00e1rbara<\/a><br><a rel=\"noreferrer noopener\" href=\"https:\/\/www.facebook.com\/juntafreguesiaremedios\" target=\"_blank\">Junta de Freguesia de Rem\u00e9dios<\/a><br><a rel=\"noreferrer noopener\" href=\"https:\/\/www.facebook.com\/JuntadeFreguesiadaAjudadaBretanha\" target=\"_blank\">Junta de Freguesia da Ajuda da Bretanha<br><\/a><a rel=\"noreferrer noopener\" href=\"https:\/\/www.freguesiapilardabretanha.com\/\" target=\"_blank\">Junta de Freguesia do Pilar da Bretanha<\/a><br><br><a rel=\"noreferrer noopener\" href=\"https:\/\/www.facebook.com\/Alternativa-Associa%C3%A7%C3%A3o-Contra-as-Depend%C3%AAncias-156248567750181\/\" target=\"_blank\">Alternativa &#8211; Associa\u00e7\u00e3o contra as Depend\u00eancias<\/a><br><a rel=\"noreferrer noopener\" href=\"http:\/\/www.apf.pt\/\" target=\"_blank\">APF A\u00e7ores<\/a><br><a rel=\"noreferrer noopener\" href=\"https:\/\/pt-pt.facebook.com\/APPJOVENS\/\" target=\"_blank\">Associa\u00e7\u00e3o de Promo\u00e7\u00e3o de P\u00fablicos\u00a0Jovens Em Risco<\/a><br><a rel=\"noreferrer noopener\" href=\"https:\/\/www.cresacor.pt\/pt\/\" target=\"_blank\">Cresa\u00e7or<\/a><br><a rel=\"noreferrer noopener\" href=\"http:\/\/ebicapelas-m.ccems.pt\/\" target=\"_blank\">Escola B\u00e1sica Integrada de Capelas<\/a><br><a rel=\"noreferrer noopener\" href=\"http:\/\/www.novodiacipa.org\/\" target=\"_blank\">Novo Dia<\/a><br><a rel=\"noreferrer noopener\" href=\"http:\/\/casadogaiato-saomiguel.com\/\" target=\"_blank\">Obra do Padre Am\u00e9rico<\/a><br><a href=\"https:\/\/www.azores.gov.pt\/Gra\/srrn-natureza\/conteudos\/livres\/Parque+Natural+da+Ilha+de+S%C3%A3o+Miguel.htm\" target=\"_blank\" rel=\"noreferrer noopener\">Parque\u00a0Natural da Ilha de S\u00e3o Miguel<\/a><a rel=\"noreferrer noopener\" href=\"http:\/\/www.arrisca.pt\/\" target=\"_blank\"><br><\/a>Rede de Centros de Desenvolvimento e Inclus\u00e3o Juvenil<br><a rel=\"noreferrer noopener\" href=\"http:\/\/usism.pt\" target=\"_blank\"><\/a><a rel=\"noreferrer noopener\" href=\"http:\/\/usism.pt\/\" target=\"_blank\">USISM<\/a><\/p>\n\n\n\n<p><a href=\"https:\/\/nortecrescente.pt\/web\/centro-social-e-paroquial-da-na-sra-da-ajuda-da-bretanha\" data-type=\"page\" data-id=\"3446\" target=\"_blank\" rel=\"noreferrer noopener\">Centro Social e Paroquial da N\u00aa Sr\u00aa da Ajuda da Bretanha &#8211; Relat\u00f3rio e Contas 2020<\/a><\/p>\n\n\n\n<div style=\"height:100px\" aria-hidden=\"true\" class=\"wp-block-spacer\"><\/div>\n\n\n\n<h2 id=\"noticias\">Not\u00edcias<\/h2>\n\n\n<ul class=\"wp-block-latest-posts__list is-grid columns-3 aligncenter wp-block-latest-posts\"><li><div class=\"wp-block-latest-posts__featured-image aligncenter\"><a href=\"https:\/\/nortecrescente.pt\/web\/pascoa-2026-caca-ao-ovo-quinta-do-norte\" aria-label=\"P\u00e1scoa 2026 &#8211; Ca\u00e7a ao Ovo &#8211; Quinta do Norte\"><img width=\"300\" height=\"143\" src=\"https:\/\/nortecrescente.pt\/web\/wp-content\/uploads\/2026\/03\/imagem-face-caca-ao-ovo-300x143.png\" class=\"attachment-medium size-medium wp-post-image\" alt=\"\" loading=\"lazy\" style=\"\" srcset=\"https:\/\/nortecrescente.pt\/web\/wp-content\/uploads\/2026\/03\/imagem-face-caca-ao-ovo-300x143.png 300w, https:\/\/nortecrescente.pt\/web\/wp-content\/uploads\/2026\/03\/imagem-face-caca-ao-ovo-768x367.png 768w, https:\/\/nortecrescente.pt\/web\/wp-content\/uploads\/2026\/03\/imagem-face-caca-ao-ovo.png 1023w\" sizes=\"(max-width: 300px) 100vw, 300px\" \/><\/a><\/div><a class=\"wp-block-latest-posts__post-title\" href=\"https:\/\/nortecrescente.pt\/web\/pascoa-2026-caca-ao-ovo-quinta-do-norte\">P\u00e1scoa 2026 &#8211; Ca\u00e7a ao Ovo &#8211; Quinta do Norte<\/a><div class=\"wp-block-latest-posts__post-excerpt\">No pr\u00f3ximo dia 28 de mar\u00e7o, das 15h \u00e0s 19h, a Quinta do Norte ser\u00e1 palco de uma tarde dedicada \u00e0 Ca\u00e7a ao Ovo, pensada para os mais pequenos e &#8230;<\/div><\/li>\n<li><div class=\"wp-block-latest-posts__featured-image aligncenter\"><a href=\"https:\/\/nortecrescente.pt\/web\/dia-de-trabalho-bois-da-raca-ramo-grande-17-janeiro-2025\" aria-label=\"Dia de Trabalho \u2013 Bois da Ra\u00e7a Ramo Grande &#8211; 17 janeiro 2025\"><img width=\"240\" height=\"300\" src=\"https:\/\/nortecrescente.pt\/web\/wp-content\/uploads\/2026\/01\/26.01-cartaz-Gincana-Ramo-Grande-240x300.jpeg\" class=\"attachment-medium size-medium wp-post-image\" alt=\"\" loading=\"lazy\" style=\"\" srcset=\"https:\/\/nortecrescente.pt\/web\/wp-content\/uploads\/2026\/01\/26.01-cartaz-Gincana-Ramo-Grande-240x300.jpeg 240w, https:\/\/nortecrescente.pt\/web\/wp-content\/uploads\/2026\/01\/26.01-cartaz-Gincana-Ramo-Grande-819x1024.jpeg 819w, https:\/\/nortecrescente.pt\/web\/wp-content\/uploads\/2026\/01\/26.01-cartaz-Gincana-Ramo-Grande-768x960.jpeg 768w, https:\/\/nortecrescente.pt\/web\/wp-content\/uploads\/2026\/01\/26.01-cartaz-Gincana-Ramo-Grande.jpeg 1080w\" sizes=\"(max-width: 240px) 100vw, 240px\" \/><\/a><\/div><a class=\"wp-block-latest-posts__post-title\" href=\"https:\/\/nortecrescente.pt\/web\/dia-de-trabalho-bois-da-raca-ramo-grande-17-janeiro-2025\">Dia de Trabalho \u2013 Bois da Ra\u00e7a Ramo Grande &#8211; 17 janeiro 2025<\/a><div class=\"wp-block-latest-posts__post-excerpt\">Dia de Trabalho \u2013 Bois da Ra\u00e7a Ramo Grande&#8211; Gincana com carros de Bois&#8211; Promo\u00e7\u00e3o Papas de Carolo Pilar da Bretanha \u2013 Parque de Aventura17 de janeiro \u2013 Parque de &#8230;<\/div><\/li>\n<li><div class=\"wp-block-latest-posts__featured-image aligncenter\"><a href=\"https:\/\/nortecrescente.pt\/web\/norte-crescente\" aria-label=\"&lt;strong&gt;Norte Crescente&lt;\/strong&gt;\"><img width=\"300\" height=\"142\" src=\"https:\/\/nortecrescente.pt\/web\/wp-content\/uploads\/2025\/12\/imagem-destaque-AGv2-300x142.jpg\" class=\"attachment-medium size-medium wp-post-image\" alt=\"\" loading=\"lazy\" style=\"\" srcset=\"https:\/\/nortecrescente.pt\/web\/wp-content\/uploads\/2025\/12\/imagem-destaque-AGv2-300x142.jpg 300w, https:\/\/nortecrescente.pt\/web\/wp-content\/uploads\/2025\/12\/imagem-destaque-AGv2.jpg 506w\" sizes=\"(max-width: 300px) 100vw, 300px\" \/><\/a><\/div><a class=\"wp-block-latest-posts__post-title\" href=\"https:\/\/nortecrescente.pt\/web\/norte-crescente\"><strong>Norte Crescente<\/strong><\/a><div class=\"wp-block-latest-posts__post-excerpt\">Associa\u00e7\u00e3o de Desenvolvimento Local CONVOCAT\u00d3RIA Nos termos e para os efeitos do disposto nos artigos 28\u00ba n\u00ba 3 e artigo 29\u00ba dos Estatutos da Associa\u00e7\u00e3o Norte Crescente &#8211; ADL e &#8230;<\/div><\/li>\n<\/ul>","protected":false},"excerpt":{"rendered":"<p>Ag\u00eancia para a Qualifica\u00e7\u00e3o e EmpregoAssocia\u00e7\u00e3o Regional de Reabilita\u00e7\u00e3o e Integra\u00e7\u00e3o Sociocultural&nbsp;dos A\u00e7oresDire\u00e7\u00e3o Geral de Reinser\u00e7\u00e3o Social e Servi\u00e7os PrisionaisDire\u00e7\u00e3o Regional da AgriculturaDire\u00e7\u00e3o Regional do Ambiente e Altera\u00e7\u00f5es Clim\u00e1ticasDire\u00e7\u00e3o Regional &#8230;<\/p>\n","protected":false},"author":1,"featured_media":0,"parent":0,"menu_order":0,"comment_status":"closed","ping_status":"closed","template":"template-fullwidth.php","meta":{"ngg_post_thumbnail":0},"featured_image_urls":{"full":"","thumbnail":"","medium":"","medium_large":"","large":"","1536x1536":"","2048x2048":"","onepress-blog-small":"","onepress-small":"","onepress-medium":""},"post_excerpt_stackable":"<p>Ag\u00eancia para a Qualifica\u00e7\u00e3o e EmpregoAssocia\u00e7\u00e3o Regional de Reabilita\u00e7\u00e3o e Integra\u00e7\u00e3o Sociocultural&nbsp;dos A\u00e7oresDire\u00e7\u00e3o Geral de Reinser\u00e7\u00e3o Social e Servi\u00e7os PrisionaisDire\u00e7\u00e3o Regional da AgriculturaDire\u00e7\u00e3o Regional do Ambiente e Altera\u00e7\u00f5es Clim\u00e1ticasDire\u00e7\u00e3o Regional da Educa\u00e7\u00e3oDire\u00e7\u00e3o&nbsp;Regional da JuventudeInstituto de Seguran\u00e7a Social dos A\u00e7ores C\u00e2mara Municipal de Ponta DelgadaJunta de Freguesia de Fenais da LuzJunta de Freguesia de S\u00e3o Vicente FerreiraJunta de Freguesia de CapelasJunta de Freguesia de Santo Ant\u00f3nioJunta de Freguesia de Santa B\u00e1rbaraJunta de Freguesia de Rem\u00e9diosJunta de Freguesia da Ajuda da BretanhaJunta de Freguesia do Pilar da BretanhaAlternativa &#8211; Associa\u00e7\u00e3o contra as Depend\u00eanciasAPF A\u00e7oresAssocia\u00e7\u00e3o de Promo\u00e7\u00e3o de P\u00fablicos\u00a0Jovens Em RiscoCresa\u00e7orEscola B\u00e1sica Integrada&hellip;<\/p>\n","category_list":"","author_info":{"name":"Norte Crescente","url":"https:\/\/nortecrescente.pt\/web\/author\/adminnc2033"},"comments_num":"0 comments","featured_image_urls_v2":{"full":"","thumbnail":"","medium":"","medium_large":"","large":"","1536x1536":"","2048x2048":"","onepress-blog-small":"","onepress-small":"","onepress-medium":""},"post_excerpt_stackable_v2":"<p>Ag\u00eancia para a Qualifica\u00e7\u00e3o e EmpregoAssocia\u00e7\u00e3o Regional de Reabilita\u00e7\u00e3o e Integra\u00e7\u00e3o Sociocultural&nbsp;dos A\u00e7oresDire\u00e7\u00e3o Geral de Reinser\u00e7\u00e3o Social e Servi\u00e7os PrisionaisDire\u00e7\u00e3o Regional da AgriculturaDire\u00e7\u00e3o Regional do Ambiente e Altera\u00e7\u00f5es Clim\u00e1ticasDire\u00e7\u00e3o Regional da Educa\u00e7\u00e3oDire\u00e7\u00e3o&nbsp;Regional da JuventudeInstituto de Seguran\u00e7a Social dos A\u00e7ores C\u00e2mara Municipal de Ponta DelgadaJunta de Freguesia de Fenais da LuzJunta de Freguesia de S\u00e3o Vicente FerreiraJunta de Freguesia de CapelasJunta de Freguesia de Santo Ant\u00f3nioJunta de Freguesia de Santa B\u00e1rbaraJunta de Freguesia de Rem\u00e9diosJunta de Freguesia da Ajuda da BretanhaJunta de Freguesia do Pilar da BretanhaAlternativa &#8211; Associa\u00e7\u00e3o contra as Depend\u00eanciasAPF A\u00e7oresAssocia\u00e7\u00e3o de Promo\u00e7\u00e3o de P\u00fablicos\u00a0Jovens Em RiscoCresa\u00e7orEscola B\u00e1sica Integrada&hellip;<\/p>\n","category_list_v2":"","author_info_v2":{"name":"Norte Crescente","url":"https:\/\/nortecrescente.pt\/web\/author\/adminnc2033"},"comments_num_v2":"0 comments","_links":{"self":[{"href":"https:\/\/nortecrescente.pt\/web\/wp-json\/wp\/v2\/pages\/2951"}],"collection":[{"href":"https:\/\/nortecrescente.pt\/web\/wp-json\/wp\/v2\/pages"}],"about":[{"href":"https:\/\/nortecrescente.pt\/web\/wp-json\/wp\/v2\/types\/page"}],"author":[{"embeddable":true,"href":"https:\/\/nortecrescente.pt\/web\/wp-json\/wp\/v2\/users\/1"}],"replies":[{"embeddable":true,"href":"https:\/\/nortecrescente.pt\/web\/wp-json\/wp\/v2\/comments?post=2951"}],"version-history":[{"count":13,"href":"https:\/\/nortecrescente.pt\/web\/wp-json\/wp\/v2\/pages\/2951\/revisions"}],"predecessor-version":[{"id":3490,"href":"https:\/\/nortecrescente.pt\/web\/wp-json\/wp\/v2\/pages\/2951\/revisions\/3490"}],"wp:attachment":[{"href":"https:\/\/nortecrescente.pt\/web\/wp-json\/wp\/v2\/media?parent=2951"}],"curies":[{"name":"wp","href":"https:\/\/api.w.org\/{rel}","templated":true}]}}