	{"id":3181,"date":"2021-07-28T12:46:59","date_gmt":"2021-07-28T13:46:59","guid":{"rendered":"https:\/\/nortecrescente.pt\/web\/?page_id=3181"},"modified":"2022-02-14T11:41:59","modified_gmt":"2022-02-14T12:41:59","slug":"loja-solidaria","status":"publish","type":"page","link":"https:\/\/nortecrescente.pt\/web\/loja-solidaria","title":{"rendered":"Loja Solid\u00e1ria"},"content":{"rendered":"\n<div class=\"wp-block-image\"><figure class=\"aligncenter size-large is-resized\"><a href=\"https:\/\/nortecrescente.pt\/web\/wp-content\/uploads\/2021\/07\/Cartaz-Abertura-Horario-Loja-Solidaria.jpg\"><img loading=\"lazy\" src=\"https:\/\/nortecrescente.pt\/web\/wp-content\/uploads\/2021\/07\/Cartaz-Abertura-Horario-Loja-Solidaria-1024x724.jpg\" alt=\"\" class=\"wp-image-3194\" width=\"646\" height=\"456\" srcset=\"https:\/\/nortecrescente.pt\/web\/wp-content\/uploads\/2021\/07\/Cartaz-Abertura-Horario-Loja-Solidaria-1024x724.jpg 1024w, https:\/\/nortecrescente.pt\/web\/wp-content\/uploads\/2021\/07\/Cartaz-Abertura-Horario-Loja-Solidaria-300x212.jpg 300w, https:\/\/nortecrescente.pt\/web\/wp-content\/uploads\/2021\/07\/Cartaz-Abertura-Horario-Loja-Solidaria-768x543.jpg 768w, https:\/\/nortecrescente.pt\/web\/wp-content\/uploads\/2021\/07\/Cartaz-Abertura-Horario-Loja-Solidaria.jpg 1191w\" sizes=\"(max-width: 646px) 100vw, 646px\" \/><\/a><\/figure><\/div>\n\n\n\n<p>A cria\u00e7\u00e3o da Loja Solid\u00e1ria da Norte Crescente \u00e9 dinamizada com o intuito de promover e contribuir para a melhoria das condi\u00e7\u00f5es de vida dos cidad\u00e3os socialmente vulner\u00e1veis, nomeadamente os residentes na Costa Norte, atrav\u00e9s da atribui\u00e7\u00e3o de bens como vestu\u00e1rio, mobili\u00e1rio, eletrodom\u00e9sticos e material did\u00e1tico a pre\u00e7os simb\u00f3licos.<\/p>\n\n\n\n<p>A Loja Solid\u00e1ria est\u00e1 aberta a toda a comunidade, oferecendo pre\u00e7os reduzidos em artigos semi-novos ou usados, desde: roupa, cal\u00e7ado, acess\u00f3rios, brinquedos, puericultura, material did\u00e1tico, pequenos electrodom\u00e9sticos, material inform\u00e1tico, mobili\u00e1rio e t\u00e9xtil-lar.<\/p>\n\n\n\n<p>Como forma de aumentar o impacto social apelamos a que todas as pessoas e empresas possam contribuir com a d\u00e1diva de produtos que j\u00e1 n\u00e3o usem, mas que se encontrem em estado de uso. Para o efeito podem entregar na loja ou agendar uma recolha dos produtos. Refor\u00e7amos o apelo \u00e0s empresas atrav\u00e9s da doa\u00e7\u00e3o de artigos sem valor comercial mas que ainda possam ser utilizados. A Loja Solid\u00e1ria est\u00e1 localizada na Quinta do Norte e funciona de Segunda-Feira a Quinta-Feira entre as 9h e as 12h e das 14h \u00e0s 16h, na Rua do Monte Alegre na freguesia das Capelas. Para mais informa\u00e7\u00f5es ou esclarecimentos pode contactar-nos pelo n\u00famero telefone 296 918 821, pelo email <a href=\"mailto:nortecrescente@nortecrescente.pt\">nortecrescente@nortecrescente.pt<\/a> e pelo <a href=\"http:\/\/www.facebook.com\/nortecrescenteadl\">facebook<\/a>.<\/p>\n\n\n\n<figure class=\"wp-container-2 wp-block-gallery-1 wp-block-gallery has-nested-images columns-5 is-cropped\">\n<figure class=\"wp-block-image size-large\"><a href=\"https:\/\/nortecrescente.pt\/web\/wp-content\/uploads\/2021\/07\/lojasolidaria1-1024x768.jpg\"><img loading=\"lazy\" width=\"1024\" height=\"768\" data-id=\"3183\"  src=\"https:\/\/nortecrescente.pt\/web\/wp-content\/uploads\/2021\/07\/lojasolidaria1-1024x768.jpg\" alt=\"\" class=\"wp-image-3183\" srcset=\"https:\/\/nortecrescente.pt\/web\/wp-content\/uploads\/2021\/07\/lojasolidaria1-1024x768.jpg 1024w, https:\/\/nortecrescente.pt\/web\/wp-content\/uploads\/2021\/07\/lojasolidaria1-300x225.jpg 300w, https:\/\/nortecrescente.pt\/web\/wp-content\/uploads\/2021\/07\/lojasolidaria1-768x576.jpg 768w, https:\/\/nortecrescente.pt\/web\/wp-content\/uploads\/2021\/07\/lojasolidaria1-1536x1152.jpg 1536w, https:\/\/nortecrescente.pt\/web\/wp-content\/uploads\/2021\/07\/lojasolidaria1.jpg 2040w\" sizes=\"(max-width: 1024px) 100vw, 1024px\" \/><\/a><\/figure>\n\n\n\n<figure class=\"wp-block-image size-large\"><a href=\"https:\/\/nortecrescente.pt\/web\/wp-content\/uploads\/2021\/07\/lojasolidaria2-1024x768.jpg\"><img loading=\"lazy\" width=\"1024\" height=\"768\" data-id=\"3184\"  src=\"https:\/\/nortecrescente.pt\/web\/wp-content\/uploads\/2021\/07\/lojasolidaria2-1024x768.jpg\" alt=\"\" class=\"wp-image-3184\" srcset=\"https:\/\/nortecrescente.pt\/web\/wp-content\/uploads\/2021\/07\/lojasolidaria2-1024x768.jpg 1024w, https:\/\/nortecrescente.pt\/web\/wp-content\/uploads\/2021\/07\/lojasolidaria2-300x225.jpg 300w, https:\/\/nortecrescente.pt\/web\/wp-content\/uploads\/2021\/07\/lojasolidaria2-768x576.jpg 768w, https:\/\/nortecrescente.pt\/web\/wp-content\/uploads\/2021\/07\/lojasolidaria2-1536x1152.jpg 1536w, https:\/\/nortecrescente.pt\/web\/wp-content\/uploads\/2021\/07\/lojasolidaria2.jpg 2040w\" sizes=\"(max-width: 1024px) 100vw, 1024px\" \/><\/a><\/figure>\n\n\n\n<figure class=\"wp-block-image size-large\"><a href=\"https:\/\/nortecrescente.pt\/web\/wp-content\/uploads\/2021\/07\/lojasolidaria3-1024x768.jpg\"><img loading=\"lazy\" width=\"1024\" height=\"768\" data-id=\"3185\"  src=\"https:\/\/nortecrescente.pt\/web\/wp-content\/uploads\/2021\/07\/lojasolidaria3-1024x768.jpg\" alt=\"\" class=\"wp-image-3185\" srcset=\"https:\/\/nortecrescente.pt\/web\/wp-content\/uploads\/2021\/07\/lojasolidaria3-1024x768.jpg 1024w, https:\/\/nortecrescente.pt\/web\/wp-content\/uploads\/2021\/07\/lojasolidaria3-300x225.jpg 300w, https:\/\/nortecrescente.pt\/web\/wp-content\/uploads\/2021\/07\/lojasolidaria3-768x576.jpg 768w, https:\/\/nortecrescente.pt\/web\/wp-content\/uploads\/2021\/07\/lojasolidaria3-1536x1152.jpg 1536w, https:\/\/nortecrescente.pt\/web\/wp-content\/uploads\/2021\/07\/lojasolidaria3.jpg 2040w\" sizes=\"(max-width: 1024px) 100vw, 1024px\" \/><\/a><\/figure>\n\n\n\n<figure class=\"wp-block-image size-large\"><a href=\"https:\/\/nortecrescente.pt\/web\/wp-content\/uploads\/2021\/07\/lojasolidaria4-768x1024.jpg\"><img loading=\"lazy\" width=\"768\" height=\"1024\" data-id=\"3186\"  src=\"https:\/\/nortecrescente.pt\/web\/wp-content\/uploads\/2021\/07\/lojasolidaria4-768x1024.jpg\" alt=\"\" class=\"wp-image-3186\" srcset=\"https:\/\/nortecrescente.pt\/web\/wp-content\/uploads\/2021\/07\/lojasolidaria4-768x1024.jpg 768w, https:\/\/nortecrescente.pt\/web\/wp-content\/uploads\/2021\/07\/lojasolidaria4-225x300.jpg 225w, https:\/\/nortecrescente.pt\/web\/wp-content\/uploads\/2021\/07\/lojasolidaria4-1152x1536.jpg 1152w, https:\/\/nortecrescente.pt\/web\/wp-content\/uploads\/2021\/07\/lojasolidaria4.jpg 1530w\" sizes=\"(max-width: 768px) 100vw, 768px\" \/><\/a><\/figure>\n\n\n\n<figure class=\"wp-block-image size-large\"><a href=\"https:\/\/nortecrescente.pt\/web\/wp-content\/uploads\/2021\/07\/lojasolidaria5-768x1024.jpg\"><img loading=\"lazy\" width=\"768\" height=\"1024\" data-id=\"3187\"  src=\"https:\/\/nortecrescente.pt\/web\/wp-content\/uploads\/2021\/07\/lojasolidaria5-768x1024.jpg\" alt=\"\" class=\"wp-image-3187\" srcset=\"https:\/\/nortecrescente.pt\/web\/wp-content\/uploads\/2021\/07\/lojasolidaria5-768x1024.jpg 768w, https:\/\/nortecrescente.pt\/web\/wp-content\/uploads\/2021\/07\/lojasolidaria5-225x300.jpg 225w, https:\/\/nortecrescente.pt\/web\/wp-content\/uploads\/2021\/07\/lojasolidaria5-1152x1536.jpg 1152w, https:\/\/nortecrescente.pt\/web\/wp-content\/uploads\/2021\/07\/lojasolidaria5.jpg 1530w\" sizes=\"(max-width: 768px) 100vw, 768px\" \/><\/a><\/figure>\n<\/figure>\n\n\n\n<div style=\"height:100px\" aria-hidden=\"true\" class=\"wp-block-spacer\"><\/div>\n\n\n\n<h2 id=\"noticias\">Not\u00edcias<\/h2>\n\n\n<ul class=\"wp-block-latest-posts__list is-grid columns-4 wp-block-latest-posts\"><li><div class=\"wp-block-latest-posts__featured-image\"><img width=\"150\" height=\"150\" src=\"https:\/\/nortecrescente.pt\/web\/wp-content\/uploads\/2026\/03\/imagem-face-caca-ao-ovo-150x150.png\" class=\"attachment-thumbnail size-thumbnail wp-post-image\" alt=\"\" loading=\"lazy\" style=\"\" \/><\/div><a class=\"wp-block-latest-posts__post-title\" href=\"https:\/\/nortecrescente.pt\/web\/pascoa-2026-caca-ao-ovo-quinta-do-norte\">P\u00e1scoa 2026 &#8211; Ca\u00e7a ao Ovo &#8211; Quinta do Norte<\/a><div class=\"wp-block-latest-posts__post-excerpt\">No pr\u00f3ximo dia 28 de mar\u00e7o, das 15h \u00e0s 19h, a Quinta do Norte ser\u00e1 palco de uma tarde dedicada \u00e0 Ca\u00e7a ao Ovo, pensada para os mais pequenos e &#8230;<\/div><\/li>\n<li><div class=\"wp-block-latest-posts__featured-image\"><img width=\"150\" height=\"150\" src=\"https:\/\/nortecrescente.pt\/web\/wp-content\/uploads\/2026\/01\/26.01-cartaz-Gincana-Ramo-Grande-150x150.jpeg\" class=\"attachment-thumbnail size-thumbnail wp-post-image\" alt=\"\" loading=\"lazy\" style=\"\" \/><\/div><a class=\"wp-block-latest-posts__post-title\" href=\"https:\/\/nortecrescente.pt\/web\/dia-de-trabalho-bois-da-raca-ramo-grande-17-janeiro-2025\">Dia de Trabalho \u2013 Bois da Ra\u00e7a Ramo Grande &#8211; 17 janeiro 2025<\/a><div class=\"wp-block-latest-posts__post-excerpt\">Dia de Trabalho \u2013 Bois da Ra\u00e7a Ramo Grande&#8211; Gincana com carros de Bois&#8211; Promo\u00e7\u00e3o Papas de Carolo Pilar da Bretanha \u2013 Parque de Aventura17 de janeiro \u2013 Parque de &#8230;<\/div><\/li>\n<li><div class=\"wp-block-latest-posts__featured-image\"><img width=\"150\" height=\"150\" src=\"https:\/\/nortecrescente.pt\/web\/wp-content\/uploads\/2025\/12\/imagem-destaque-AGv2-150x150.jpg\" class=\"attachment-thumbnail size-thumbnail wp-post-image\" alt=\"\" loading=\"lazy\" style=\"\" \/><\/div><a class=\"wp-block-latest-posts__post-title\" href=\"https:\/\/nortecrescente.pt\/web\/norte-crescente\"><strong>Norte Crescente<\/strong><\/a><div class=\"wp-block-latest-posts__post-excerpt\">Associa\u00e7\u00e3o de Desenvolvimento Local CONVOCAT\u00d3RIA Nos termos e para os efeitos do disposto nos artigos 28\u00ba n\u00ba 3 e artigo 29\u00ba dos Estatutos da Associa\u00e7\u00e3o Norte Crescente &#8211; ADL e &#8230;<\/div><\/li>\n<li><div class=\"wp-block-latest-posts__featured-image\"><img width=\"150\" height=\"150\" src=\"https:\/\/nortecrescente.pt\/web\/wp-content\/uploads\/2025\/12\/imagem-de-destaque-150x150.jpg\" class=\"attachment-thumbnail size-thumbnail wp-post-image\" alt=\"\" loading=\"lazy\" style=\"\" \/><\/div><a class=\"wp-block-latest-posts__post-title\" href=\"https:\/\/nortecrescente.pt\/web\/concurso-natal-ecologico-decora-me-3\">Concurso \u201cNatal Ecol\u00f3gico \u2013 Decora-me\u201d<\/a><div class=\"wp-block-latest-posts__post-excerpt\">Neste Natal, a Norte Crescente volta a desafiar a comunidade a pensar de forma mais verde, a repensar o que consome e a transformar pequenos gestos em grandes atitudes que &#8230;<\/div><\/li>\n<\/ul>","protected":false},"excerpt":{"rendered":"<p>A cria\u00e7\u00e3o da Loja Solid\u00e1ria da Norte Crescente \u00e9 dinamizada com o intuito de promover e contribuir para a melhoria das condi\u00e7\u00f5es de vida dos cidad\u00e3os socialmente vulner\u00e1veis, nomeadamente os &#8230;<\/p>\n","protected":false},"author":1,"featured_media":0,"parent":0,"menu_order":0,"comment_status":"closed","ping_status":"closed","template":"","meta":{"ngg_post_thumbnail":0},"featured_image_urls":{"full":"","thumbnail":"","medium":"","medium_large":"","large":"","1536x1536":"","2048x2048":"","onepress-blog-small":"","onepress-small":"","onepress-medium":""},"post_excerpt_stackable":"<p>A cria\u00e7\u00e3o da Loja Solid\u00e1ria da Norte Crescente \u00e9 dinamizada com o intuito de promover e contribuir para a melhoria das condi\u00e7\u00f5es de vida dos cidad\u00e3os socialmente vulner\u00e1veis, nomeadamente os residentes na Costa Norte, atrav\u00e9s da atribui\u00e7\u00e3o de bens como vestu\u00e1rio, mobili\u00e1rio, eletrodom\u00e9sticos e material did\u00e1tico a pre\u00e7os simb\u00f3licos. A Loja Solid\u00e1ria est\u00e1 aberta a toda a comunidade, oferecendo pre\u00e7os reduzidos em artigos semi-novos ou usados, desde: roupa, cal\u00e7ado, acess\u00f3rios, brinquedos, puericultura, material did\u00e1tico, pequenos electrodom\u00e9sticos, material inform\u00e1tico, mobili\u00e1rio e t\u00e9xtil-lar. Como forma de aumentar o impacto social apelamos a que todas as pessoas e empresas possam contribuir com a&hellip;<\/p>\n","category_list":"","author_info":{"name":"Norte Crescente","url":"https:\/\/nortecrescente.pt\/web\/author\/adminnc2033"},"comments_num":"0 comments","featured_image_urls_v2":{"full":"","thumbnail":"","medium":"","medium_large":"","large":"","1536x1536":"","2048x2048":"","onepress-blog-small":"","onepress-small":"","onepress-medium":""},"post_excerpt_stackable_v2":"<p>A cria\u00e7\u00e3o da Loja Solid\u00e1ria da Norte Crescente \u00e9 dinamizada com o intuito de promover e contribuir para a melhoria das condi\u00e7\u00f5es de vida dos cidad\u00e3os socialmente vulner\u00e1veis, nomeadamente os residentes na Costa Norte, atrav\u00e9s da atribui\u00e7\u00e3o de bens como vestu\u00e1rio, mobili\u00e1rio, eletrodom\u00e9sticos e material did\u00e1tico a pre\u00e7os simb\u00f3licos. A Loja Solid\u00e1ria est\u00e1 aberta a toda a comunidade, oferecendo pre\u00e7os reduzidos em artigos semi-novos ou usados, desde: roupa, cal\u00e7ado, acess\u00f3rios, brinquedos, puericultura, material did\u00e1tico, pequenos electrodom\u00e9sticos, material inform\u00e1tico, mobili\u00e1rio e t\u00e9xtil-lar. Como forma de aumentar o impacto social apelamos a que todas as pessoas e empresas possam contribuir com a&hellip;<\/p>\n","category_list_v2":"","author_info_v2":{"name":"Norte Crescente","url":"https:\/\/nortecrescente.pt\/web\/author\/adminnc2033"},"comments_num_v2":"0 comments","_links":{"self":[{"href":"https:\/\/nortecrescente.pt\/web\/wp-json\/wp\/v2\/pages\/3181"}],"collection":[{"href":"https:\/\/nortecrescente.pt\/web\/wp-json\/wp\/v2\/pages"}],"about":[{"href":"https:\/\/nortecrescente.pt\/web\/wp-json\/wp\/v2\/types\/page"}],"author":[{"embeddable":true,"href":"https:\/\/nortecrescente.pt\/web\/wp-json\/wp\/v2\/users\/1"}],"replies":[{"embeddable":true,"href":"https:\/\/nortecrescente.pt\/web\/wp-json\/wp\/v2\/comments?post=3181"}],"version-history":[{"count":9,"href":"https:\/\/nortecrescente.pt\/web\/wp-json\/wp\/v2\/pages\/3181\/revisions"}],"predecessor-version":[{"id":3532,"href":"https:\/\/nortecrescente.pt\/web\/wp-json\/wp\/v2\/pages\/3181\/revisions\/3532"}],"wp:attachment":[{"href":"https:\/\/nortecrescente.pt\/web\/wp-json\/wp\/v2\/media?parent=3181"}],"curies":[{"name":"wp","href":"https:\/\/api.w.org\/{rel}","templated":true}]}}