	{"id":47,"date":"2011-10-19T16:16:30","date_gmt":"2011-10-19T16:16:30","guid":{"rendered":"http:\/\/nortecrescente.pt\/web\/?page_id=47"},"modified":"2022-01-27T16:10:36","modified_gmt":"2022-01-27T17:10:36","slug":"rcset","status":"publish","type":"page","link":"https:\/\/nortecrescente.pt\/web\/valencias\/rcset","title":{"rendered":"Rede de Centros S\u00f3cioeducativos e Tecnol\u00f3gicos (RCSET)"},"content":{"rendered":"<div class=\"n2-section-smartslider fitvidsignore \" data-ssid=\"25\" tabindex=\"0\" role=\"region\" aria-label=\"Slider\"><div id=\"n2-ss-25-align\" class=\"n2-ss-align\"><div class=\"n2-padding\"><div id=\"n2-ss-25\" data-creator=\"Smart Slider 3\" data-responsive=\"auto\" class=\"n2-ss-slider n2-ow n2-has-hover n2notransition  \">\n        <div class=\"n2-ss-slider-1 n2_ss__touch_element n2-ow\">\n            <div class=\"n2-ss-slider-2 n2-ow\">\n                                                <div class=\"n2-ss-slider-3 n2-ow\">\n\n                    <div class=\"n2-ss-slide-backgrounds n2-ow-all\"><div class=\"n2-ss-slide-background\" data-public-id=\"1\" data-mode=\"fill\"><div class=\"n2-ss-slide-background-image\" data-blur=\"0\" data-opacity=\"100\" data-x=\"50\" data-y=\"50\" data-alt=\"\" data-title=\"\"><picture class=\"skip-lazy\" data-skip-lazy=\"1\"><img src=\"\/\/nortecrescente.pt\/web\/wp-content\/uploads\/2020\/01\/rcsetajuda1.jpg\" alt=\"\" title=\"\" loading=\"lazy\" class=\"skip-lazy\" data-skip-lazy=\"1\"><\/picture><\/div><div data-color=\"RGBA(255,255,255,0)\" style=\"background-color: RGBA(255,255,255,0);\" class=\"n2-ss-slide-background-color\"><\/div><\/div><div class=\"n2-ss-slide-background\" data-public-id=\"2\" data-mode=\"fill\" aria-hidden=\"true\"><div class=\"n2-ss-slide-background-image\" data-blur=\"0\" data-opacity=\"100\" data-x=\"50\" data-y=\"33\" data-alt=\"\" data-title=\"\" style=\"--ss-o-pos-y:33%\"><picture class=\"skip-lazy\" data-skip-lazy=\"1\"><img src=\"\/\/nortecrescente.pt\/web\/wp-content\/uploads\/2020\/01\/rcseta_ajuda2.jpg\" alt=\"\" title=\"\" loading=\"lazy\" class=\"skip-lazy\" data-skip-lazy=\"1\"><\/picture><\/div><div data-color=\"RGBA(255,255,255,0)\" style=\"background-color: RGBA(255,255,255,0);\" class=\"n2-ss-slide-background-color\"><\/div><\/div><div class=\"n2-ss-slide-background\" data-public-id=\"3\" data-mode=\"fill\" aria-hidden=\"true\"><div class=\"n2-ss-slide-background-image\" data-blur=\"0\" data-opacity=\"100\" data-x=\"50\" data-y=\"50\" data-alt=\"\" data-title=\"\"><picture class=\"skip-lazy\" data-skip-lazy=\"1\"><img src=\"\/\/nortecrescente.pt\/web\/wp-content\/uploads\/2020\/01\/rcset_ajuda4.jpg\" alt=\"\" title=\"\" loading=\"lazy\" class=\"skip-lazy\" data-skip-lazy=\"1\"><\/picture><\/div><div data-color=\"RGBA(255,255,255,0)\" style=\"background-color: RGBA(255,255,255,0);\" class=\"n2-ss-slide-background-color\"><\/div><\/div><div class=\"n2-ss-slide-background\" data-public-id=\"4\" data-mode=\"fill\" aria-hidden=\"true\"><div class=\"n2-ss-slide-background-image\" data-blur=\"0\" data-opacity=\"100\" data-x=\"50\" data-y=\"50\" data-alt=\"\" data-title=\"\"><picture class=\"skip-lazy\" data-skip-lazy=\"1\"><img src=\"\/\/nortecrescente.pt\/web\/wp-content\/uploads\/2020\/01\/rcsetajuda2.jpg\" alt=\"\" title=\"\" loading=\"lazy\" class=\"skip-lazy\" data-skip-lazy=\"1\"><\/picture><\/div><div data-color=\"RGBA(255,255,255,0)\" style=\"background-color: RGBA(255,255,255,0);\" class=\"n2-ss-slide-background-color\"><\/div><\/div><div class=\"n2-ss-slide-background\" data-public-id=\"5\" data-mode=\"fill\" aria-hidden=\"true\"><div class=\"n2-ss-slide-background-image\" data-blur=\"0\" data-opacity=\"100\" data-x=\"48\" data-y=\"10\" data-alt=\"\" data-title=\"\" style=\"--ss-o-pos-x:48%;--ss-o-pos-y:10%\"><picture class=\"skip-lazy\" data-skip-lazy=\"1\"><img src=\"\/\/nortecrescente.pt\/web\/wp-content\/uploads\/2020\/01\/rcsetpilar2.jpg\" alt=\"\" title=\"\" loading=\"lazy\" class=\"skip-lazy\" data-skip-lazy=\"1\"><\/picture><\/div><div data-color=\"RGBA(255,255,255,0)\" style=\"background-color: RGBA(255,255,255,0);\" class=\"n2-ss-slide-background-color\"><\/div><\/div><div class=\"n2-ss-slide-background\" data-public-id=\"6\" data-mode=\"fill\" aria-hidden=\"true\"><div class=\"n2-ss-slide-background-image\" data-blur=\"0\" data-opacity=\"100\" data-x=\"50\" data-y=\"50\" data-alt=\"\" data-title=\"\"><picture class=\"skip-lazy\" data-skip-lazy=\"1\"><img src=\"\/\/nortecrescente.pt\/web\/wp-content\/uploads\/2020\/01\/rcsetpilar3.jpg\" alt=\"\" title=\"\" loading=\"lazy\" class=\"skip-lazy\" data-skip-lazy=\"1\"><\/picture><\/div><div data-color=\"RGBA(255,255,255,0)\" style=\"background-color: RGBA(255,255,255,0);\" class=\"n2-ss-slide-background-color\"><\/div><\/div><div class=\"n2-ss-slide-background\" data-public-id=\"7\" data-mode=\"fill\" aria-hidden=\"true\"><div class=\"n2-ss-slide-background-image\" data-blur=\"0\" data-opacity=\"100\" data-x=\"50\" data-y=\"50\" data-alt=\"\" data-title=\"\"><picture class=\"skip-lazy\" data-skip-lazy=\"1\"><img src=\"\/\/nortecrescente.pt\/web\/wp-content\/uploads\/2020\/01\/rcsetsvf2.jpg\" alt=\"\" title=\"\" loading=\"lazy\" class=\"skip-lazy\" data-skip-lazy=\"1\"><\/picture><\/div><div data-color=\"RGBA(255,255,255,0)\" style=\"background-color: RGBA(255,255,255,0);\" class=\"n2-ss-slide-background-color\"><\/div><\/div><div class=\"n2-ss-slide-background\" data-public-id=\"8\" data-mode=\"fill\" aria-hidden=\"true\"><div class=\"n2-ss-slide-background-image\" data-blur=\"0\" data-opacity=\"100\" data-x=\"50\" data-y=\"50\" data-alt=\"\" data-title=\"\"><picture class=\"skip-lazy\" data-skip-lazy=\"1\"><img src=\"\/\/nortecrescente.pt\/web\/wp-content\/uploads\/2020\/01\/rcsetsvf1-1.jpg\" alt=\"\" title=\"\" loading=\"lazy\" class=\"skip-lazy\" data-skip-lazy=\"1\"><\/picture><\/div><div data-color=\"RGBA(255,255,255,0)\" style=\"background-color: RGBA(255,255,255,0);\" class=\"n2-ss-slide-background-color\"><\/div><\/div><\/div>                    <div class=\"n2-ss-slider-4 n2-ow\">\n                        <svg xmlns=\"http:\/\/www.w3.org\/2000\/svg\" viewBox=\"0 0 910 355\" data-related-device=\"desktopPortrait\" class=\"n2-ow n2-ss-preserve-size n2-ss-preserve-size--slider n2-ss-slide-limiter\"><\/svg><div data-first=\"1\" data-slide-duration=\"0\" data-id=\"242\" data-slide-public-id=\"1\" data-title=\"slider_cdij3\" class=\"n2-ss-slide n2-ow  n2-ss-slide-242\"><div role=\"note\" class=\"n2-ss-slide--focus\" tabindex=\"-1\">slider_cdij3<\/div><div class=\"n2-ss-layers-container n2-ss-slide-limiter n2-ow\"><div class=\"n2-ss-layer n2-ow n-uc-IQ4FbOYNko0r\" data-sstype=\"slide\" data-pm=\"default\"><\/div><\/div><\/div><div data-slide-duration=\"0\" data-id=\"243\" data-slide-public-id=\"2\" aria-hidden=\"true\" data-title=\"slider_cdij4\" class=\"n2-ss-slide n2-ow  n2-ss-slide-243\"><div role=\"note\" class=\"n2-ss-slide--focus\" tabindex=\"-1\">slider_cdij4<\/div><div class=\"n2-ss-layers-container n2-ss-slide-limiter n2-ow\"><div class=\"n2-ss-layer n2-ow n-uc-kmVdN6hp3U8u\" data-sstype=\"slide\" data-pm=\"default\"><\/div><\/div><\/div><div data-slide-duration=\"0\" data-id=\"244\" data-slide-public-id=\"3\" aria-hidden=\"true\" data-title=\"slider_cdij5\" class=\"n2-ss-slide n2-ow  n2-ss-slide-244\"><div role=\"note\" class=\"n2-ss-slide--focus\" tabindex=\"-1\">slider_cdij5<\/div><div class=\"n2-ss-layers-container n2-ss-slide-limiter n2-ow\"><div class=\"n2-ss-layer n2-ow n-uc-roPJ9v4vyzVP\" data-sstype=\"slide\" data-pm=\"default\"><\/div><\/div><\/div><div data-slide-duration=\"0\" data-id=\"245\" data-slide-public-id=\"4\" aria-hidden=\"true\" data-title=\"slider_cdij4\" class=\"n2-ss-slide n2-ow  n2-ss-slide-245\"><div role=\"note\" class=\"n2-ss-slide--focus\" tabindex=\"-1\">slider_cdij4<\/div><div class=\"n2-ss-layers-container n2-ss-slide-limiter n2-ow\"><div class=\"n2-ss-layer n2-ow n-uc-t8vq40s5o6SB\" data-sstype=\"slide\" data-pm=\"default\"><\/div><\/div><\/div><div data-slide-duration=\"0\" data-id=\"246\" data-slide-public-id=\"5\" aria-hidden=\"true\" data-title=\"slider_cdij2\" class=\"n2-ss-slide n2-ow  n2-ss-slide-246\"><div role=\"note\" class=\"n2-ss-slide--focus\" tabindex=\"-1\">slider_cdij2<\/div><div class=\"n2-ss-layers-container n2-ss-slide-limiter n2-ow\"><div class=\"n2-ss-layer n2-ow n-uc-HCuCE5TWeI0e\" data-sstype=\"slide\" data-pm=\"default\"><\/div><\/div><\/div><div data-slide-duration=\"0\" data-id=\"247\" data-slide-public-id=\"6\" aria-hidden=\"true\" data-title=\"slider_cdij1\" class=\"n2-ss-slide n2-ow  n2-ss-slide-247\"><div role=\"note\" class=\"n2-ss-slide--focus\" tabindex=\"-1\">slider_cdij1<\/div><div class=\"n2-ss-layers-container n2-ss-slide-limiter n2-ow\"><div class=\"n2-ss-layer n2-ow n-uc-p0O6NzBBwwK6\" data-sstype=\"slide\" data-pm=\"default\"><\/div><\/div><\/div><div data-slide-duration=\"0\" data-id=\"248\" data-slide-public-id=\"7\" aria-hidden=\"true\" data-title=\"slider_cdij1\" class=\"n2-ss-slide n2-ow  n2-ss-slide-248\"><div role=\"note\" class=\"n2-ss-slide--focus\" tabindex=\"-1\">slider_cdij1<\/div><div class=\"n2-ss-layers-container n2-ss-slide-limiter n2-ow\"><div class=\"n2-ss-layer n2-ow n-uc-brFPGrKAwMYi\" data-sstype=\"slide\" data-pm=\"default\"><\/div><\/div><\/div><div data-slide-duration=\"0\" data-id=\"249\" data-slide-public-id=\"8\" aria-hidden=\"true\" data-title=\"slider_cdij1\" class=\"n2-ss-slide n2-ow  n2-ss-slide-249\"><div role=\"note\" class=\"n2-ss-slide--focus\" tabindex=\"-1\">slider_cdij1<\/div><div class=\"n2-ss-layers-container n2-ss-slide-limiter n2-ow\"><div class=\"n2-ss-layer n2-ow n-uc-rrDJohu1an8R\" data-sstype=\"slide\" data-pm=\"default\"><\/div><\/div><\/div>                    <\/div>\n\n                                    <\/div>\n            <\/div>\n        <\/div>\n        <\/div><ss3-loader><\/ss3-loader><\/div><\/div><div class=\"n2_clear\"><\/div><\/div>\n\n\n<p>Este projeto est\u00e1 em desenvolvimento nas freguesias de S\u00e3o vicente Ferreira, Capelas, Ajuda da Bretanha e Pilar da Bretanha, onde foram identificados, na popula\u00e7\u00e3o jovem, uma grande incid\u00eancia de fatores de risco como: car\u00eancia afetiva, neglig\u00eancia parental, agregado familiar em situa\u00e7\u00e3o de vulnerabilidade, defici\u00eancias habitacionais, car\u00eancias sanit\u00e1rias e de higiene, modelagem comportamental desajustada, aus\u00eancia de normas e regras, aus\u00eancia de modelos parentais adequados e busca constante do conflito como resolu\u00e7\u00e3o de problemas.<\/p>\n\n\n\n<h2 id=\"publico-alvo\">P\u00daBLICO-ALVO<\/h2>\n\n\n\n<p>Pr\u00e9-adolescentes, adolescentes e jovens do 1\u00ba, 2\u00ba e 3\u00ba ciclo.<\/p>\n\n\n\n<h2 id=\"eixos-de-intervencao\">EIXOS DE INTERVEN\u00c7\u00c3O<\/h2>\n\n\n\n<p>Para al\u00e9m da disponibilidade de meios inform\u00e1ticos para o uso pessoal da popula\u00e7\u00e3o, a forma\u00e7\u00e3o no campo das TIC \u00e9, tamb\u00e9m, uma prioridade, desenvolvendo-se projectos nesse sentido, n\u00e3o s\u00f3 nos pr\u00f3prios Espa\u00e7os TIC, mas tamb\u00e9m noutras localidades da costa norte de Ponta Delgada nas quais a Norte Crescente procura intervir.<\/p>\n\n\n\n<ul><li>Eixo Educativo.<\/li><li>Eixo L\u00fadico \u2013 Pedag\u00f3gico.<\/li><li>Eixo Desportivo.<\/li><li>Eixo Acompanhamento Individual\/Familiar.<\/li><\/ul>\n\n\n\n<h2 id=\"objetivo-geral\">OBJETIVO GERAL<\/h2>\n\n\n\n<p>Potenciar o desenvolvimento saud\u00e1vel e harmonioso dos pr\u00e9-adolescentes, adolescentes e jovens atrav\u00e9s de um modelo s\u00f3cio afetivo que promova capacidades psico-sociais adequadas.<\/p>\n\n\n\n<h2 id=\"objetivos-especificos\">OBJETIVOS ESPEC\u00cdFICOS<\/h2>\n\n\n\n<ul><li>Fomentar a cria\u00e7\u00e3o e aquisi\u00e7\u00e3o de normas e regras.<\/li><li>Potenciar estilos de vida saud\u00e1vel.<\/li><li>Contribuir para a pondera\u00e7\u00e3o de comportamentos.<\/li><li>Promover compet\u00eancias de comunica\u00e7\u00e3o e relacionamento.<\/li><li>Promover a import\u00e2ncia da escola junto dos jovens e progenitores.<\/li><li>Potenciar um desenvolvimento afetivo e motivacional que fortale\u00e7a a auto-estima.<\/li><li>Promover o desenvolvimento da assertividade e autonomia.<\/li><\/ul>\n\n\n\n<div style=\"height:100px\" aria-hidden=\"true\" class=\"wp-block-spacer\"><\/div>\n\n\n\n<h2 id=\"noticias\">Not\u00edcias<\/h2>\n\n\n<ul class=\"wp-block-latest-posts__list is-grid columns-4 wp-block-latest-posts\"><li><div class=\"wp-block-latest-posts__featured-image aligncenter\"><img width=\"150\" height=\"150\" src=\"https:\/\/nortecrescente.pt\/web\/wp-content\/uploads\/2026\/03\/imagem-face-caca-ao-ovo-150x150.png\" class=\"attachment-thumbnail size-thumbnail wp-post-image\" alt=\"\" loading=\"lazy\" style=\"\" \/><\/div><a class=\"wp-block-latest-posts__post-title\" href=\"https:\/\/nortecrescente.pt\/web\/pascoa-2026-caca-ao-ovo-quinta-do-norte\">P\u00e1scoa 2026 &#8211; Ca\u00e7a ao Ovo &#8211; Quinta do Norte<\/a><div class=\"wp-block-latest-posts__post-excerpt\">No pr\u00f3ximo dia 28 de mar\u00e7o, das 15h \u00e0s 19h, a Quinta do Norte ser\u00e1 palco de uma tarde dedicada \u00e0 Ca\u00e7a ao Ovo, pensada para os mais pequenos e &#8230;<\/div><\/li>\n<li><div class=\"wp-block-latest-posts__featured-image aligncenter\"><img width=\"150\" height=\"150\" src=\"https:\/\/nortecrescente.pt\/web\/wp-content\/uploads\/2026\/01\/26.01-cartaz-Gincana-Ramo-Grande-150x150.jpeg\" class=\"attachment-thumbnail size-thumbnail wp-post-image\" alt=\"\" loading=\"lazy\" style=\"\" \/><\/div><a class=\"wp-block-latest-posts__post-title\" href=\"https:\/\/nortecrescente.pt\/web\/dia-de-trabalho-bois-da-raca-ramo-grande-17-janeiro-2025\">Dia de Trabalho \u2013 Bois da Ra\u00e7a Ramo Grande &#8211; 17 janeiro 2025<\/a><div class=\"wp-block-latest-posts__post-excerpt\">Dia de Trabalho \u2013 Bois da Ra\u00e7a Ramo Grande&#8211; Gincana com carros de Bois&#8211; Promo\u00e7\u00e3o Papas de Carolo Pilar da Bretanha \u2013 Parque de Aventura17 de janeiro \u2013 Parque de &#8230;<\/div><\/li>\n<li><div class=\"wp-block-latest-posts__featured-image aligncenter\"><img width=\"150\" height=\"150\" src=\"https:\/\/nortecrescente.pt\/web\/wp-content\/uploads\/2025\/12\/imagem-destaque-AGv2-150x150.jpg\" class=\"attachment-thumbnail size-thumbnail wp-post-image\" alt=\"\" loading=\"lazy\" style=\"\" \/><\/div><a class=\"wp-block-latest-posts__post-title\" href=\"https:\/\/nortecrescente.pt\/web\/norte-crescente\"><strong>Norte Crescente<\/strong><\/a><div class=\"wp-block-latest-posts__post-excerpt\">Associa\u00e7\u00e3o de Desenvolvimento Local CONVOCAT\u00d3RIA Nos termos e para os efeitos do disposto nos artigos 28\u00ba n\u00ba 3 e artigo 29\u00ba dos Estatutos da Associa\u00e7\u00e3o Norte Crescente &#8211; ADL e &#8230;<\/div><\/li>\n<li><div class=\"wp-block-latest-posts__featured-image aligncenter\"><img width=\"150\" height=\"150\" src=\"https:\/\/nortecrescente.pt\/web\/wp-content\/uploads\/2025\/12\/imagem-de-destaque-150x150.jpg\" class=\"attachment-thumbnail size-thumbnail wp-post-image\" alt=\"\" loading=\"lazy\" style=\"\" \/><\/div><a class=\"wp-block-latest-posts__post-title\" href=\"https:\/\/nortecrescente.pt\/web\/concurso-natal-ecologico-decora-me-3\">Concurso \u201cNatal Ecol\u00f3gico \u2013 Decora-me\u201d<\/a><div class=\"wp-block-latest-posts__post-excerpt\">Neste Natal, a Norte Crescente volta a desafiar a comunidade a pensar de forma mais verde, a repensar o que consome e a transformar pequenos gestos em grandes atitudes que &#8230;<\/div><\/li>\n<\/ul>","protected":false},"excerpt":{"rendered":"<p>Este projeto est\u00e1 em desenvolvimento nas freguesias de S\u00e3o vicente Ferreira, Capelas, Ajuda da Bretanha e Pilar da Bretanha, onde foram identificados, na popula\u00e7\u00e3o jovem, uma grande incid\u00eancia de fatores &#8230;<\/p>\n","protected":false},"author":2,"featured_media":0,"parent":14,"menu_order":0,"comment_status":"closed","ping_status":"open","template":"template-fullwidth.php","meta":{"ngg_post_thumbnail":0},"featured_image_urls":{"full":"","thumbnail":"","medium":"","medium_large":"","large":"","1536x1536":"","2048x2048":"","onepress-blog-small":"","onepress-small":"","onepress-medium":""},"post_excerpt_stackable":"<p>slider_cdij3slider_cdij4slider_cdij5slider_cdij4slider_cdij2slider_cdij1slider_cdij1slider_cdij1 Este projeto est\u00e1 em desenvolvimento nas freguesias de S\u00e3o vicente Ferreira, Capelas, Ajuda da Bretanha e Pilar da Bretanha, onde foram identificados, na popula\u00e7\u00e3o jovem, uma grande incid\u00eancia de fatores de risco como: car\u00eancia afetiva, neglig\u00eancia parental, agregado familiar em situa\u00e7\u00e3o de vulnerabilidade, defici\u00eancias habitacionais, car\u00eancias sanit\u00e1rias e de higiene, modelagem comportamental desajustada, aus\u00eancia de normas e regras, aus\u00eancia de modelos parentais adequados e busca constante do conflito como resolu\u00e7\u00e3o de problemas. P\u00daBLICO-ALVO Pr\u00e9-adolescentes, adolescentes e jovens do 1\u00ba, 2\u00ba e 3\u00ba ciclo. EIXOS DE INTERVEN\u00c7\u00c3O Para al\u00e9m da disponibilidade de meios inform\u00e1ticos para o uso pessoal da popula\u00e7\u00e3o,&hellip;<\/p>\n","category_list":"","author_info":{"name":"admin","url":"https:\/\/nortecrescente.pt\/web\/author\/admin"},"comments_num":"0 comments","featured_image_urls_v2":{"full":"","thumbnail":"","medium":"","medium_large":"","large":"","1536x1536":"","2048x2048":"","onepress-blog-small":"","onepress-small":"","onepress-medium":""},"post_excerpt_stackable_v2":"<p>slider_cdij3slider_cdij4slider_cdij5slider_cdij4slider_cdij2slider_cdij1slider_cdij1slider_cdij1 Este projeto est\u00e1 em desenvolvimento nas freguesias de S\u00e3o vicente Ferreira, Capelas, Ajuda da Bretanha e Pilar da Bretanha, onde foram identificados, na popula\u00e7\u00e3o jovem, uma grande incid\u00eancia de fatores de risco como: car\u00eancia afetiva, neglig\u00eancia parental, agregado familiar em situa\u00e7\u00e3o de vulnerabilidade, defici\u00eancias habitacionais, car\u00eancias sanit\u00e1rias e de higiene, modelagem comportamental desajustada, aus\u00eancia de normas e regras, aus\u00eancia de modelos parentais adequados e busca constante do conflito como resolu\u00e7\u00e3o de problemas. P\u00daBLICO-ALVO Pr\u00e9-adolescentes, adolescentes e jovens do 1\u00ba, 2\u00ba e 3\u00ba ciclo. EIXOS DE INTERVEN\u00c7\u00c3O Para al\u00e9m da disponibilidade de meios inform\u00e1ticos para o uso pessoal da popula\u00e7\u00e3o,&hellip;<\/p>\n","category_list_v2":"","author_info_v2":{"name":"admin","url":"https:\/\/nortecrescente.pt\/web\/author\/admin"},"comments_num_v2":"0 comments","_links":{"self":[{"href":"https:\/\/nortecrescente.pt\/web\/wp-json\/wp\/v2\/pages\/47"}],"collection":[{"href":"https:\/\/nortecrescente.pt\/web\/wp-json\/wp\/v2\/pages"}],"about":[{"href":"https:\/\/nortecrescente.pt\/web\/wp-json\/wp\/v2\/types\/page"}],"author":[{"embeddable":true,"href":"https:\/\/nortecrescente.pt\/web\/wp-json\/wp\/v2\/users\/2"}],"replies":[{"embeddable":true,"href":"https:\/\/nortecrescente.pt\/web\/wp-json\/wp\/v2\/comments?post=47"}],"version-history":[{"count":22,"href":"https:\/\/nortecrescente.pt\/web\/wp-json\/wp\/v2\/pages\/47\/revisions"}],"predecessor-version":[{"id":3502,"href":"https:\/\/nortecrescente.pt\/web\/wp-json\/wp\/v2\/pages\/47\/revisions\/3502"}],"up":[{"embeddable":true,"href":"https:\/\/nortecrescente.pt\/web\/wp-json\/wp\/v2\/pages\/14"}],"wp:attachment":[{"href":"https:\/\/nortecrescente.pt\/web\/wp-json\/wp\/v2\/media?parent=47"}],"curies":[{"name":"wp","href":"https:\/\/api.w.org\/{rel}","templated":true}]}}