	{"id":57,"date":"2011-10-19T16:22:02","date_gmt":"2011-10-19T16:22:02","guid":{"rendered":"http:\/\/nortecrescente.pt\/web\/?page_id=57"},"modified":"2022-01-27T16:09:55","modified_gmt":"2022-01-27T17:09:55","slug":"projecto-igualdades","status":"publish","type":"page","link":"https:\/\/nortecrescente.pt\/web\/valencias\/projecto-igualdades","title":{"rendered":"Projecto Igualdade(s)"},"content":{"rendered":"<div class=\"n2-section-smartslider fitvidsignore \" data-ssid=\"6\" tabindex=\"0\" role=\"region\" aria-label=\"Slider\"><div id=\"n2-ss-6-align\" class=\"n2-ss-align\"><div class=\"n2-padding\"><div id=\"n2-ss-6\" data-creator=\"Smart Slider 3\" data-responsive=\"auto\" class=\"n2-ss-slider n2-ow n2-has-hover n2notransition  \"><div class=\"n2-ss-slider-wrapper-inside\">\n        <div class=\"n2-ss-slider-1 n2_ss__touch_element n2-ow\">\n            <div class=\"n2-ss-slider-2 n2-ow\">\n                                                <div class=\"n2-ss-slider-3 n2-ow\">\n\n                    <div class=\"n2-ss-slide-backgrounds n2-ow-all\"><div class=\"n2-ss-slide-background\" data-public-id=\"1\" data-mode=\"fill\"><div class=\"n2-ss-slide-background-image\" data-blur=\"0\" data-opacity=\"100\" data-x=\"50\" data-y=\"50\" data-alt=\"\" data-title=\"\"><picture class=\"skip-lazy\" data-skip-lazy=\"1\"><img src=\"\/\/nortecrescente.pt\/web\/wp-content\/uploads\/2012\/01\/jogo_igualdades.jpg\" alt=\"\" title=\"\" loading=\"lazy\" class=\"skip-lazy\" data-skip-lazy=\"1\"><\/picture><\/div><div data-color=\"RGBA(255,255,255,0)\" style=\"background-color: RGBA(255,255,255,0);\" class=\"n2-ss-slide-background-color\"><\/div><\/div><div class=\"n2-ss-slide-background\" data-public-id=\"2\" data-mode=\"fill\" aria-hidden=\"true\"><div class=\"n2-ss-slide-background-image\" data-blur=\"0\" data-opacity=\"100\" data-x=\"50\" data-y=\"50\" data-alt=\"\" data-title=\"\"><picture class=\"skip-lazy\" data-skip-lazy=\"1\"><img src=\"\/\/nortecrescente.pt\/web\/wp-content\/uploads\/2011\/10\/72142_393634107371933_1742564737_n.jpg\" alt=\"\" title=\"\" loading=\"lazy\" class=\"skip-lazy\" data-skip-lazy=\"1\"><\/picture><\/div><div data-color=\"RGBA(255,255,255,0)\" style=\"background-color: RGBA(255,255,255,0);\" class=\"n2-ss-slide-background-color\"><\/div><\/div><div class=\"n2-ss-slide-background\" data-public-id=\"3\" data-mode=\"fill\" aria-hidden=\"true\"><div class=\"n2-ss-slide-background-image\" data-blur=\"0\" data-opacity=\"100\" data-x=\"48\" data-y=\"17\" data-alt=\"\" data-title=\"\" style=\"--ss-o-pos-x:48%;--ss-o-pos-y:17%\"><picture class=\"skip-lazy\" data-skip-lazy=\"1\"><img src=\"\/\/nortecrescente.pt\/web\/wp-content\/uploads\/2012\/02\/igualdades_cidadania.jpg\" alt=\"\" title=\"\" loading=\"lazy\" class=\"skip-lazy\" data-skip-lazy=\"1\"><\/picture><\/div><div data-color=\"RGBA(255,255,255,0)\" style=\"background-color: RGBA(255,255,255,0);\" class=\"n2-ss-slide-background-color\"><\/div><\/div><\/div>                    <div class=\"n2-ss-slider-4 n2-ow\">\n                        <svg xmlns=\"http:\/\/www.w3.org\/2000\/svg\" viewBox=\"0 0 910 355\" data-related-device=\"desktopPortrait\" class=\"n2-ow n2-ss-preserve-size n2-ss-preserve-size--slider n2-ss-slide-limiter\"><\/svg><div data-first=\"1\" data-slide-duration=\"0\" data-id=\"47\" data-slide-public-id=\"1\" data-title=\"jogo_igualdades\" class=\"n2-ss-slide n2-ow  n2-ss-slide-47\"><div role=\"note\" class=\"n2-ss-slide--focus\" tabindex=\"-1\">jogo_igualdades<\/div><div class=\"n2-ss-layers-container n2-ss-slide-limiter n2-ow\"><div class=\"n2-ss-layer n2-ow n-uc-YR97UqcfsPWM\" data-sstype=\"slide\" data-pm=\"default\"><\/div><\/div><\/div><div data-slide-duration=\"0\" data-id=\"49\" data-slide-public-id=\"2\" aria-hidden=\"true\" data-title=\"Projeto Igualdade(s): Defici\u00eancia\" class=\"n2-ss-slide n2-ow  n2-ss-slide-49\"><div role=\"note\" class=\"n2-ss-slide--focus\" tabindex=\"-1\">Projeto Igualdade(s): Defici\u00eancia<\/div><div class=\"n2-ss-layers-container n2-ss-slide-limiter n2-ow\"><div class=\"n2-ss-layer n2-ow n-uc-1mONmpmHCeU3\" data-sstype=\"slide\" data-pm=\"default\"><\/div><\/div><\/div><div data-slide-duration=\"0\" data-id=\"48\" data-slide-public-id=\"3\" aria-hidden=\"true\" data-title=\"igualdades_cidadania\" class=\"n2-ss-slide n2-ow  n2-ss-slide-48\"><div role=\"note\" class=\"n2-ss-slide--focus\" tabindex=\"-1\">igualdades_cidadania<\/div><div class=\"n2-ss-layers-container n2-ss-slide-limiter n2-ow\"><div class=\"n2-ss-layer n2-ow n-uc-Uv1Mfxo8vHF8\" data-sstype=\"slide\" data-pm=\"default\"><\/div><\/div><\/div>                    <\/div>\n\n                                    <\/div>\n            <\/div>\n        <\/div>\n        <div class=\"n2-ss-slider-controls n2-ss-slider-controls-absolute-left-center\"><div style=\"--widget-offset:15px;\" class=\"n2-ss-widget n2-ss-widget-display-hover nextend-arrow n2-ow-all nextend-arrow-previous  nextend-arrow-animated-fade\" data-hide-mobileportrait=\"1\" id=\"n2-ss-6-arrow-previous\" role=\"button\" aria-label=\"previous arrow\" tabindex=\"0\"><img loading=\"lazy\" width=\"32\" height=\"32\" class=\"skip-lazy\" data-skip-lazy=\"1\" src=\"data:image\/svg+xml;base64,PHN2ZyB3aWR0aD0iMzIiIGhlaWdodD0iMzIiIHZpZXdCb3g9IjAgMCAzMiAzMiIgeG1sbnM9Imh0dHA6Ly93d3cudzMub3JnLzIwMDAvc3ZnIj4KICAgIDxwYXRoIGQ9Ik0xMS40MzMgMTUuOTkyTDIyLjY5IDUuNzEyYy4zOTMtLjM5LjM5My0xLjAzIDAtMS40Mi0uMzkzLS4zOS0xLjAzLS4zOS0xLjQyMyAwbC0xMS45OCAxMC45NGMtLjIxLjIxLS4zLjQ5LS4yODUuNzYtLjAxNS4yOC4wNzUuNTYuMjg0Ljc3bDExLjk4IDEwLjk0Yy4zOTMuMzkgMS4wMy4zOSAxLjQyNCAwIC4zOTMtLjQuMzkzLTEuMDMgMC0xLjQybC0xMS4yNTctMTAuMjkiCiAgICAgICAgICBmaWxsPSIjZmZmZmZmIiBvcGFjaXR5PSIwLjgiIGZpbGwtcnVsZT0iZXZlbm9kZCIvPgo8L3N2Zz4=\" alt=\"previous arrow\"><\/div><\/div><div class=\"n2-ss-slider-controls n2-ss-slider-controls-absolute-right-center\"><div style=\"--widget-offset:15px;\" class=\"n2-ss-widget n2-ss-widget-display-hover nextend-arrow n2-ow-all nextend-arrow-next  nextend-arrow-animated-fade\" data-hide-mobileportrait=\"1\" id=\"n2-ss-6-arrow-next\" role=\"button\" aria-label=\"next arrow\" tabindex=\"0\"><img loading=\"lazy\" width=\"32\" height=\"32\" class=\"skip-lazy\" data-skip-lazy=\"1\" src=\"data:image\/svg+xml;base64,PHN2ZyB3aWR0aD0iMzIiIGhlaWdodD0iMzIiIHZpZXdCb3g9IjAgMCAzMiAzMiIgeG1sbnM9Imh0dHA6Ly93d3cudzMub3JnLzIwMDAvc3ZnIj4KICAgIDxwYXRoIGQ9Ik0xMC43MjIgNC4yOTNjLS4zOTQtLjM5LTEuMDMyLS4zOS0xLjQyNyAwLS4zOTMuMzktLjM5MyAxLjAzIDAgMS40MmwxMS4yODMgMTAuMjgtMTEuMjgzIDEwLjI5Yy0uMzkzLjM5LS4zOTMgMS4wMiAwIDEuNDIuMzk1LjM5IDEuMDMzLjM5IDEuNDI3IDBsMTIuMDA3LTEwLjk0Yy4yMS0uMjEuMy0uNDkuMjg0LS43Ny4wMTQtLjI3LS4wNzYtLjU1LS4yODYtLjc2TDEwLjcyIDQuMjkzeiIKICAgICAgICAgIGZpbGw9IiNmZmZmZmYiIG9wYWNpdHk9IjAuOCIgZmlsbC1ydWxlPSJldmVub2RkIi8+Cjwvc3ZnPg==\" alt=\"next arrow\"><\/div><\/div><\/div><\/div><ss3-loader><\/ss3-loader><\/div><\/div><div class=\"n2_clear\"><\/div><\/div>\n\n\n<p>O <strong>Projecto Igualdade(s)<\/strong> foi desenvolvido 2010 e 2017 enquadrando-se na \u00e1rea da Igualdade de Oportunidades da Associa\u00e7\u00e3o Norte Crescente, realizando ac\u00e7\u00f5es de sensibiliza\u00e7\u00e3o e oficinas tem\u00e1ticas sobre os v\u00e1rios temas da Igualdade(s).  Pretendemos contribuir para a consciencializa\u00e7\u00e3o da popula\u00e7\u00e3o para os problemas da desigualdade de Oportunidades, Discrimina\u00e7\u00e3o e Viol\u00eancia na mudan\u00e7a de mentalidades e comportamentos.<\/p>\n\n\n\n<h2 id=\"principais-atividades\">PRINCIPAIS ATIVIDADES<\/h2>\n\n\n\n<ul><li>Ac\u00e7\u00f5es de sensibiliza\u00e7\u00e3o&nbsp;sobre os v\u00e1rios temas nas&nbsp;Escolas de 1\u00ba ciclo.<\/li><li>Oficinas de trabalho&nbsp;tem\u00e1ticas.<\/li><li>Ac\u00e7\u00f5es de&nbsp;sensibiliza\u00e7\u00e3o nos Espa\u00e7os + Jovem e Campos de F\u00e9rias.<\/li><li>Cria\u00e7\u00e3o de materiais pedag\u00f3gico-did\u00e1cticos (Jogo para a Igualdade).<\/li><li>Ac\u00e7\u00f5es de sensibiliza\u00e7\u00e3o para mulheres \u00c1rea do Empreendedorismo Feminino.<\/li><li>Exposi\u00e7\u00e3o do projecto Igualdade(s)&nbsp;na comunidade.<\/li><\/ul>\n\n\n\n<h2 id=\"publico-alvo\">P\u00daBLICO-ALVO<\/h2>\n\n\n\n<p>O Projecto Igualdade(s) teve como p\u00fablico-alvo todos\/as os cidad\u00e3os\/\u00e3s em especial as crian\u00e7as em idade escolar, professores\/as e popula\u00e7\u00e3o em geral.<\/p>\n\n\n\n<h2 id=\"conteudo-das-sessoes\">CONTE\u00daDO DAS SESS\u00d5ES<\/h2>\n\n\n\n<p>Numa \u00e9poca em que a mudan\u00e7a de comportamento s\u00f3 torna uma exig\u00eancia para o cumprimento do princ\u00edpio da Igualdade, o Projecto Igualdade(s) surge na promo\u00e7\u00e3o de ac\u00e7\u00f5es que abordam tem\u00e1ticas como:<\/p>\n\n\n\n<ul><li>Direitos e Deveres;<\/li><li>Direitos Humanos;<\/li><li>Religi\u00e3o;<\/li><li>Ra\u00e7a e cor;<\/li><li>Defici\u00eancia;<\/li><li>L\u00edngua;<\/li><li>Idade;<\/li><li>G\u00e9nero;<\/li><li>Orienta\u00e7\u00e3o Sexual;<\/li><li>Discrimina\u00e7\u00e3o \/Racismo;<\/li><li>Viol\u00eancia de G\u00e9nero \/ Viol\u00eancia entre Pares (Bullying);<\/li><\/ul>\n\n\n\n<p>Com este projecto pretendeu-se que as crian\u00e7as, professores e comunidade em geral estejam informados acerca destas quest\u00f5es e, acima de tudo, mostrar a import\u00e2ncia crescente da Igualdade de Oportunidades como afirma\u00e7\u00e3o e exerc\u00edcio de uma efectiva cidadania que todos \/as beneficia.<\/p>\n\n\n\n<h2 id=\"entidade-financiadora\">ENTIDADE FINANCIADORA<\/h2>\n\n\n\n<p>Projecto Financiado pela Dire\u00e7\u00e3o Regional da Igualdade de oportunidades\/Governo dos A\u00e7ores<\/p>\n\n\n\n<div style=\"height:100px\" aria-hidden=\"true\" class=\"wp-block-spacer\"><\/div>\n\n\n\n<h2 id=\"noticias\">Not\u00edcias<\/h2>\n\n\n<ul class=\"wp-block-latest-posts__list is-grid columns-3 wp-block-latest-posts\"><li><div class=\"wp-block-latest-posts__featured-image aligncenter\"><img width=\"300\" height=\"143\" src=\"https:\/\/nortecrescente.pt\/web\/wp-content\/uploads\/2026\/03\/imagem-face-caca-ao-ovo-300x143.png\" class=\"attachment-medium size-medium wp-post-image\" alt=\"\" loading=\"lazy\" style=\"\" srcset=\"https:\/\/nortecrescente.pt\/web\/wp-content\/uploads\/2026\/03\/imagem-face-caca-ao-ovo-300x143.png 300w, https:\/\/nortecrescente.pt\/web\/wp-content\/uploads\/2026\/03\/imagem-face-caca-ao-ovo-768x367.png 768w, https:\/\/nortecrescente.pt\/web\/wp-content\/uploads\/2026\/03\/imagem-face-caca-ao-ovo.png 1023w\" sizes=\"(max-width: 300px) 100vw, 300px\" \/><\/div><a class=\"wp-block-latest-posts__post-title\" href=\"https:\/\/nortecrescente.pt\/web\/pascoa-2026-caca-ao-ovo-quinta-do-norte\">P\u00e1scoa 2026 &#8211; Ca\u00e7a ao Ovo &#8211; Quinta do Norte<\/a><div class=\"wp-block-latest-posts__post-excerpt\">No pr\u00f3ximo dia 28 de mar\u00e7o, das 15h \u00e0s 19h, a Quinta do Norte ser\u00e1 palco de uma tarde dedicada \u00e0 Ca\u00e7a ao Ovo, pensada para os mais pequenos e &#8230;<\/div><\/li>\n<li><div class=\"wp-block-latest-posts__featured-image aligncenter\"><img width=\"240\" height=\"300\" src=\"https:\/\/nortecrescente.pt\/web\/wp-content\/uploads\/2026\/01\/26.01-cartaz-Gincana-Ramo-Grande-240x300.jpeg\" class=\"attachment-medium size-medium wp-post-image\" alt=\"\" loading=\"lazy\" style=\"\" srcset=\"https:\/\/nortecrescente.pt\/web\/wp-content\/uploads\/2026\/01\/26.01-cartaz-Gincana-Ramo-Grande-240x300.jpeg 240w, https:\/\/nortecrescente.pt\/web\/wp-content\/uploads\/2026\/01\/26.01-cartaz-Gincana-Ramo-Grande-819x1024.jpeg 819w, https:\/\/nortecrescente.pt\/web\/wp-content\/uploads\/2026\/01\/26.01-cartaz-Gincana-Ramo-Grande-768x960.jpeg 768w, https:\/\/nortecrescente.pt\/web\/wp-content\/uploads\/2026\/01\/26.01-cartaz-Gincana-Ramo-Grande.jpeg 1080w\" sizes=\"(max-width: 240px) 100vw, 240px\" \/><\/div><a class=\"wp-block-latest-posts__post-title\" href=\"https:\/\/nortecrescente.pt\/web\/dia-de-trabalho-bois-da-raca-ramo-grande-17-janeiro-2025\">Dia de Trabalho \u2013 Bois da Ra\u00e7a Ramo Grande &#8211; 17 janeiro 2025<\/a><div class=\"wp-block-latest-posts__post-excerpt\">Dia de Trabalho \u2013 Bois da Ra\u00e7a Ramo Grande&#8211; Gincana com carros de Bois&#8211; Promo\u00e7\u00e3o Papas de Carolo Pilar da Bretanha \u2013 Parque de Aventura17 de janeiro \u2013 Parque de &#8230;<\/div><\/li>\n<li><div class=\"wp-block-latest-posts__featured-image aligncenter\"><img width=\"300\" height=\"142\" src=\"https:\/\/nortecrescente.pt\/web\/wp-content\/uploads\/2025\/12\/imagem-destaque-AGv2-300x142.jpg\" class=\"attachment-medium size-medium wp-post-image\" alt=\"\" loading=\"lazy\" style=\"\" srcset=\"https:\/\/nortecrescente.pt\/web\/wp-content\/uploads\/2025\/12\/imagem-destaque-AGv2-300x142.jpg 300w, https:\/\/nortecrescente.pt\/web\/wp-content\/uploads\/2025\/12\/imagem-destaque-AGv2.jpg 506w\" sizes=\"(max-width: 300px) 100vw, 300px\" \/><\/div><a class=\"wp-block-latest-posts__post-title\" href=\"https:\/\/nortecrescente.pt\/web\/norte-crescente\"><strong>Norte Crescente<\/strong><\/a><div class=\"wp-block-latest-posts__post-excerpt\">Associa\u00e7\u00e3o de Desenvolvimento Local CONVOCAT\u00d3RIA Nos termos e para os efeitos do disposto nos artigos 28\u00ba n\u00ba 3 e artigo 29\u00ba dos Estatutos da Associa\u00e7\u00e3o Norte Crescente &#8211; ADL e &#8230;<\/div><\/li>\n<\/ul>","protected":false},"excerpt":{"rendered":"<p>O Projecto Igualdade(s) foi desenvolvido 2010 e 2017 enquadrando-se na \u00e1rea da Igualdade de Oportunidades da Associa\u00e7\u00e3o Norte Crescente, realizando ac\u00e7\u00f5es de sensibiliza\u00e7\u00e3o e oficinas tem\u00e1ticas sobre os v\u00e1rios temas &#8230;<\/p>\n","protected":false},"author":2,"featured_media":0,"parent":14,"menu_order":0,"comment_status":"closed","ping_status":"open","template":"template-fullwidth.php","meta":{"ngg_post_thumbnail":0},"featured_image_urls":{"full":"","thumbnail":"","medium":"","medium_large":"","large":"","1536x1536":"","2048x2048":"","onepress-blog-small":"","onepress-small":"","onepress-medium":""},"post_excerpt_stackable":"<p>jogo_igualdadesProjeto Igualdade(s): Defici\u00eanciaigualdades_cidadania O Projecto Igualdade(s) foi desenvolvido 2010 e 2017 enquadrando-se na \u00e1rea da Igualdade de Oportunidades da Associa\u00e7\u00e3o Norte Crescente, realizando ac\u00e7\u00f5es de sensibiliza\u00e7\u00e3o e oficinas tem\u00e1ticas sobre os v\u00e1rios temas da Igualdade(s). Pretendemos contribuir para a consciencializa\u00e7\u00e3o da popula\u00e7\u00e3o para os problemas da desigualdade de Oportunidades, Discrimina\u00e7\u00e3o e Viol\u00eancia na mudan\u00e7a de mentalidades e comportamentos. PRINCIPAIS ATIVIDADES Ac\u00e7\u00f5es de sensibiliza\u00e7\u00e3o&nbsp;sobre os v\u00e1rios temas nas&nbsp;Escolas de 1\u00ba ciclo.Oficinas de trabalho&nbsp;tem\u00e1ticas.Ac\u00e7\u00f5es de&nbsp;sensibiliza\u00e7\u00e3o nos Espa\u00e7os + Jovem e Campos de F\u00e9rias.Cria\u00e7\u00e3o de materiais pedag\u00f3gico-did\u00e1cticos (Jogo para a Igualdade).Ac\u00e7\u00f5es de sensibiliza\u00e7\u00e3o para mulheres \u00c1rea do Empreendedorismo Feminino.Exposi\u00e7\u00e3o do projecto Igualdade(s)&nbsp;na comunidade.&hellip;<\/p>\n","category_list":"","author_info":{"name":"admin","url":"https:\/\/nortecrescente.pt\/web\/author\/admin"},"comments_num":"0 comments","featured_image_urls_v2":{"full":"","thumbnail":"","medium":"","medium_large":"","large":"","1536x1536":"","2048x2048":"","onepress-blog-small":"","onepress-small":"","onepress-medium":""},"post_excerpt_stackable_v2":"<p>jogo_igualdadesProjeto Igualdade(s): Defici\u00eanciaigualdades_cidadania O Projecto Igualdade(s) foi desenvolvido 2010 e 2017 enquadrando-se na \u00e1rea da Igualdade de Oportunidades da Associa\u00e7\u00e3o Norte Crescente, realizando ac\u00e7\u00f5es de sensibiliza\u00e7\u00e3o e oficinas tem\u00e1ticas sobre os v\u00e1rios temas da Igualdade(s). Pretendemos contribuir para a consciencializa\u00e7\u00e3o da popula\u00e7\u00e3o para os problemas da desigualdade de Oportunidades, Discrimina\u00e7\u00e3o e Viol\u00eancia na mudan\u00e7a de mentalidades e comportamentos. PRINCIPAIS ATIVIDADES Ac\u00e7\u00f5es de sensibiliza\u00e7\u00e3o&nbsp;sobre os v\u00e1rios temas nas&nbsp;Escolas de 1\u00ba ciclo.Oficinas de trabalho&nbsp;tem\u00e1ticas.Ac\u00e7\u00f5es de&nbsp;sensibiliza\u00e7\u00e3o nos Espa\u00e7os + Jovem e Campos de F\u00e9rias.Cria\u00e7\u00e3o de materiais pedag\u00f3gico-did\u00e1cticos (Jogo para a Igualdade).Ac\u00e7\u00f5es de sensibiliza\u00e7\u00e3o para mulheres \u00c1rea do Empreendedorismo Feminino.Exposi\u00e7\u00e3o do projecto Igualdade(s)&nbsp;na comunidade.&hellip;<\/p>\n","category_list_v2":"","author_info_v2":{"name":"admin","url":"https:\/\/nortecrescente.pt\/web\/author\/admin"},"comments_num_v2":"0 comments","_links":{"self":[{"href":"https:\/\/nortecrescente.pt\/web\/wp-json\/wp\/v2\/pages\/57"}],"collection":[{"href":"https:\/\/nortecrescente.pt\/web\/wp-json\/wp\/v2\/pages"}],"about":[{"href":"https:\/\/nortecrescente.pt\/web\/wp-json\/wp\/v2\/types\/page"}],"author":[{"embeddable":true,"href":"https:\/\/nortecrescente.pt\/web\/wp-json\/wp\/v2\/users\/2"}],"replies":[{"embeddable":true,"href":"https:\/\/nortecrescente.pt\/web\/wp-json\/wp\/v2\/comments?post=57"}],"version-history":[{"count":13,"href":"https:\/\/nortecrescente.pt\/web\/wp-json\/wp\/v2\/pages\/57\/revisions"}],"predecessor-version":[{"id":3499,"href":"https:\/\/nortecrescente.pt\/web\/wp-json\/wp\/v2\/pages\/57\/revisions\/3499"}],"up":[{"embeddable":true,"href":"https:\/\/nortecrescente.pt\/web\/wp-json\/wp\/v2\/pages\/14"}],"wp:attachment":[{"href":"https:\/\/nortecrescente.pt\/web\/wp-json\/wp\/v2\/media?parent=57"}],"curies":[{"name":"wp","href":"https:\/\/api.w.org\/{rel}","templated":true}]}}